{"id":818,"date":"2021-10-11T12:38:37","date_gmt":"2021-10-11T15:38:37","guid":{"rendered":"https:\/\/afonte.org.br\/site\/?page_id=818"},"modified":"2022-01-23T14:06:33","modified_gmt":"2022-01-23T17:06:33","slug":"direitos-dos-pacientes","status":"publish","type":"page","link":"https:\/\/afonte.org.br\/site\/direitos-dos-pacientes\/","title":{"rendered":"Direitos dos Pacientes"},"content":{"rendered":"\t\t<div data-elementor-type=\"wp-page\" data-elementor-id=\"818\" class=\"elementor elementor-818\" data-elementor-post-type=\"page\">\n\t\t\t\t\t\t<section class=\"elementor-section elementor-top-section elementor-element elementor-element-75e3650 elementor-section-boxed elementor-section-height-default elementor-section-height-default\" data-id=\"75e3650\" data-element_type=\"section\">\n\t\t\t\t\t\t<div class=\"elementor-container elementor-column-gap-default\">\n\t\t\t\t\t<div class=\"elementor-column elementor-col-100 elementor-top-column elementor-element elementor-element-df47db5\" data-id=\"df47db5\" data-element_type=\"column\">\n\t\t\t<div class=\"elementor-widget-wrap elementor-element-populated\">\n\t\t\t\t\t\t<div class=\"elementor-element elementor-element-c2a2296 elementor-widget elementor-widget-text-editor\" data-id=\"c2a2296\" data-element_type=\"widget\" data-widget_type=\"text-editor.default\">\n\t\t\t\t<div class=\"elementor-widget-container\">\n\t\t\t\t\t\t\t\t\t<p>Pacientes com c\u00e2ncer possuem diversos direitos garantidos por lei \u2013 tanto de acesso \u00e0 sa\u00fade quantos sociais \u2013 que \u00e0s vezes desconhece. Uma vez desrespeitados, o paciente pode tomar as provid\u00eancias cab\u00edveis e exigir o seu cumprimento.<\/p>\t\t\t\t\t\t\t\t<\/div>\n\t\t\t\t<\/div>\n\t\t\t\t\t<\/div>\n\t\t<\/div>\n\t\t\t\t\t<\/div>\n\t\t<\/section>\n\t\t\t\t<section class=\"elementor-section elementor-top-section elementor-element elementor-element-0180960 elementor-section-full_width elementor-section-height-default elementor-section-height-default\" data-id=\"0180960\" data-element_type=\"section\" data-settings=\"{&quot;background_background&quot;:&quot;classic&quot;}\">\n\t\t\t\t\t\t<div class=\"elementor-container elementor-column-gap-default\">\n\t\t\t\t\t<div class=\"elementor-column elementor-col-100 elementor-top-column elementor-element elementor-element-ed5961e\" data-id=\"ed5961e\" data-element_type=\"column\">\n\t\t\t<div class=\"elementor-widget-wrap elementor-element-populated\">\n\t\t\t\t\t\t<div class=\"elementor-element elementor-element-ecf4d20 elementor-widget elementor-widget-text-editor\" data-id=\"ecf4d20\" data-element_type=\"widget\" data-widget_type=\"text-editor.default\">\n\t\t\t\t<div class=\"elementor-widget-container\">\n\t\t\t\t\t\t\t\t\t<h2><strong>CARTILHA DE DIREITOS<\/strong><\/h2><p>Disponibiliza a Cartilha de Direitos do Portador de C\u00e2ncer, como forma de promover e disseminar o conhecimento dos direitos do paciente com c\u00e2ncer, facilitando o entendimento e auxiliando no processo de solicita\u00e7\u00e3o dos benef\u00edcios legais.<\/p>\t\t\t\t\t\t\t\t<\/div>\n\t\t\t\t<\/div>\n\t\t\t\t\t<\/div>\n\t\t<\/div>\n\t\t\t\t\t<\/div>\n\t\t<\/section>\n\t\t\t\t<section class=\"elementor-section elementor-top-section elementor-element elementor-element-bb15eb6 elementor-section-boxed elementor-section-height-default elementor-section-height-default\" data-id=\"bb15eb6\" data-element_type=\"section\">\n\t\t\t\t\t\t<div class=\"elementor-container elementor-column-gap-default\">\n\t\t\t\t\t<div class=\"elementor-column elementor-col-100 elementor-top-column elementor-element elementor-element-0123f2e\" data-id=\"0123f2e\" data-element_type=\"column\">\n\t\t\t<div class=\"elementor-widget-wrap elementor-element-populated\">\n\t\t\t\t\t\t<div class=\"elementor-element elementor-element-914400c elementor-align-center elementor-widget elementor-widget-button\" data-id=\"914400c\" data-element_type=\"widget\" data-widget_type=\"button.default\">\n\t\t\t\t<div class=\"elementor-widget-container\">\n\t\t\t\t\t\t\t\t\t<div class=\"elementor-button-wrapper\">\n\t\t\t\t\t<a class=\"elementor-button elementor-button-link elementor-size-lg\" href=\"https:\/\/afonte.org.br\/site\/wp-content\/uploads\/2022\/01\/Livro-Site-Direitos-Para-as-Mulheres-Com-Cancer-de-Mama.pdf\" target=\"_blank\">\n\t\t\t\t\t\t<span class=\"elementor-button-content-wrapper\">\n\t\t\t\t\t\t<span class=\"elementor-button-icon\">\n\t\t\t\t<i aria-hidden=\"true\" class=\"far fa-arrow-alt-circle-down\"><\/i>\t\t\t<\/span>\n\t\t\t\t\t\t\t\t\t<span class=\"elementor-button-text\">BAIXAR CARTILHA DE DIREITOS EM PDF <\/span>\n\t\t\t\t\t<\/span>\n\t\t\t\t\t<\/a>\n\t\t\t\t<\/div>\n\t\t\t\t\t\t\t\t<\/div>\n\t\t\t\t<\/div>\n\t\t\t\t\t<\/div>\n\t\t<\/div>\n\t\t\t\t\t<\/div>\n\t\t<\/section>\n\t\t\t\t<section class=\"elementor-section elementor-top-section elementor-element elementor-element-fcd5e4a elementor-section-boxed elementor-section-height-default elementor-section-height-default\" data-id=\"fcd5e4a\" data-element_type=\"section\">\n\t\t\t\t\t\t<div class=\"elementor-container elementor-column-gap-default\">\n\t\t\t\t\t<div class=\"elementor-column elementor-col-100 elementor-top-column elementor-element elementor-element-361080f\" data-id=\"361080f\" data-element_type=\"column\">\n\t\t\t<div class=\"elementor-widget-wrap elementor-element-populated\">\n\t\t\t\t\t\t<div class=\"elementor-element elementor-element-449ef31 elementor-widget elementor-widget-text-editor\" data-id=\"449ef31\" data-element_type=\"widget\" data-widget_type=\"text-editor.default\">\n\t\t\t\t<div class=\"elementor-widget-container\">\n\t\t\t\t\t\t\t\t\t<h3><strong>ACESSO \u00c0 SA\u00daDE<\/strong><\/h3>\t\t\t\t\t\t\t\t<\/div>\n\t\t\t\t<\/div>\n\t\t\t\t\t<\/div>\n\t\t<\/div>\n\t\t\t\t\t<\/div>\n\t\t<\/section>\n\t\t\t\t<section class=\"elementor-section elementor-top-section elementor-element elementor-element-75e4fa6 elementor-section-boxed elementor-section-height-default elementor-section-height-default\" data-id=\"75e4fa6\" data-element_type=\"section\">\n\t\t\t\t\t\t<div class=\"elementor-container elementor-column-gap-default\">\n\t\t\t\t\t<div class=\"elementor-column elementor-col-100 elementor-top-column elementor-element elementor-element-2cb005b\" data-id=\"2cb005b\" data-element_type=\"column\">\n\t\t\t<div class=\"elementor-widget-wrap elementor-element-populated\">\n\t\t\t\t\t\t<div class=\"elementor-element elementor-element-a2ef4e4 elementor-widget elementor-widget-accordion\" data-id=\"a2ef4e4\" data-element_type=\"widget\" data-widget_type=\"accordion.default\">\n\t\t\t\t<div class=\"elementor-widget-container\">\n\t\t\t\t\t\t\t<div class=\"elementor-accordion\">\n\t\t\t\t\t\t\t<div class=\"elementor-accordion-item\">\n\t\t\t\t\t<div id=\"elementor-tab-title-1701\" class=\"elementor-tab-title\" data-tab=\"1\" role=\"button\" aria-controls=\"elementor-tab-content-1701\" aria-expanded=\"false\">\n\t\t\t\t\t\t\t\t\t\t\t\t\t<span class=\"elementor-accordion-icon elementor-accordion-icon-left\" aria-hidden=\"true\">\n\t\t\t\t\t\t\t\t\t\t\t\t\t\t\t<span class=\"elementor-accordion-icon-closed\"><i class=\"fas fa-plus\"><\/i><\/span>\n\t\t\t\t\t\t\t\t<span class=\"elementor-accordion-icon-opened\"><i class=\"fas fa-minus\"><\/i><\/span>\n\t\t\t\t\t\t\t\t\t\t\t\t\t\t<\/span>\n\t\t\t\t\t\t\t\t\t\t\t\t<a class=\"elementor-accordion-title\" tabindex=\"0\">Acesso a medicamentos<\/a>\n\t\t\t\t\t<\/div>\n\t\t\t\t\t<div id=\"elementor-tab-content-1701\" class=\"elementor-tab-content elementor-clearfix\" data-tab=\"1\" role=\"region\" aria-labelledby=\"elementor-tab-title-1701\"><p>A Constitui\u00e7\u00e3o Federal no art. 196 preconiza o direito \u00e0 sa\u00fade de forma integral e igualit\u00e1ria, que deve ser garantido mediante pol\u00edticas sociais e econ\u00f4micas que visem reduzir o risco da doen\u00e7a.<\/p><p>O acesso a medicamentos de alto custo \u00e9 garantido por um programa do Minist\u00e9rio da Sa\u00fade. Os rem\u00e9dios fornecidos geralmente s\u00e3o de uso cont\u00ednuo e utilizados em n\u00edvel ambulatorial no tratamento de doen\u00e7as cr\u00f4nicas e raras.<br \/>Ainda de acordo com as novas regras, a operadora n\u00e3o poder\u00e1 limitar a quantidade de medicamentos usada pelo paciente. Ele ter\u00e1 direito ao volume prescrito pelo m\u00e9dico, enquanto durar o tratamento.<\/p><h2><strong>Como solicitar o benef\u00edcio?<\/strong><\/h2><p>No tratamento do c\u00e2ncer s\u00e3o prescritos medicamentos que nem sempre est\u00e3o contemplados na lista de medicamentos ofertados pelo SUS<\/p><p>\u00a0<\/p><p>Para ter acesso aos medicamentos, o usu\u00e1rio precisa, primeiramente, ser atendido por m\u00e9dico credenciado pelo Sistema \u00danico de Sa\u00fade (SUS), fazer todos os procedimentos, exames, e esclarecer a doen\u00e7a e o tratamento.<br \/>Desde 02 de janeiro de 2014 os Planos de Sa\u00fade s\u00e3o obrigados a fornecer medicamentos da Terapia Antineopl\u00e1sica Oral Para Tratamento do C\u00e2ncer (quimioterapia oral).<\/p><p>Pode-se consultar se o rem\u00e9dio est\u00e1 registrado no site da Anvisa. Link encurtado:\u00a0<a href=\"http:\/\/zip.net\/bbnZRW\">http:\/\/zip.net\/bbnZRW<\/a><\/p><p>Com a prescri\u00e7\u00e3o m\u00e9dica que descreva o nome do princ\u00edpio ativo e denomina\u00e7\u00e3o gen\u00e9rica (n\u00e3o pode ser o nome comercial do medicamento), o paciente dever\u00e1 conferir se o medicamento solicitado consta na listagem publicada pela Ag\u00eancia nacional de Sa\u00fade. Veja o link.\u00a0<a href=\"http:\/\/www.ans.gov.br\/images\/stories\/noticias\/pdf\/20131021_rol2014_terapia%20antineoplasica%20oral.pdf\">http:\/\/www.ans.gov.br\/images\/stories\/noticias\/pdf\/20131021_rol2014_terapia%20antineoplasica%20oral.pdf<\/a><\/p><p>A abertura de processos para fornecimento desses medicamentos e sua disponibiliza\u00e7\u00e3o s\u00e3o solicitados na Farm\u00e1cia Escola (onde houver) e nas Secretarias de Sa\u00fade do Estado e do Munic\u00edpio. Os processos s\u00e3o abertos individualmente e analisados por comiss\u00e3o especializada.<\/p><h2><strong>Documenta\u00e7\u00e3o para dar entrada em solicita\u00e7\u00e3o de medicamentos excepcionais<\/strong><\/h2><ul><li>Documento de identidade RG e CPF<\/li><li>Comprovante de resid\u00eancia \u2013 se este n\u00e3o estiver no nome do assistido \u00e9 preciso comprovar o v\u00ednculo familiar por documentos (RG, certid\u00e3o de casamento, etc.) ou acompanhado de declara\u00e7\u00e3o de resid\u00eancia e\/ou outro comprovante (conta de cart\u00e3o de loja, carta etc.).<\/li><li>Ficha cadastro de paciente preenchida e assinada pelo respons\u00e1vel pelo Programa de Medicamentos de alto custo ou excepcionais<\/li><li>Requerimento solicitando o rem\u00e9dio (preenchido e assinado pelo paciente ou respons\u00e1vel).<\/li><li>Laudo m\u00e9dico fundamentado &#8211; documento para autoriza\u00e7\u00e3o do medicamento especificado<\/li><\/ul><h2><strong>Como solicitar medicamentos por via judicial<\/strong><\/h2><p>Recomenda-se que o paciente busque o medicamento por todas as vias extrajudiciais poss\u00edveis, antes de recorrer \u00e0 Justi\u00e7a.<\/p><p>Primeiramente, deve-se protocolar requerimento escrito na Secretaria da Sa\u00fade (do Estado ou do Munic\u00edpio), solicitando, com base em relat\u00f3rio m\u00e9dico, os medicamentos necess\u00e1rios. Havendo dificuldade de acesso ao medicamento por essa via, pode-se apresentar reclama\u00e7\u00e3o \u00e0s ouvidorias do SUS \u2013 locais, regionais ou nacional. Al\u00e9m disso, o usu\u00e1rio poder\u00e1 contar com o aux\u00edlio de assistentes sociais no pr\u00f3prio estabelecimento em que est\u00e1 sendo atendido.<\/p><p>Se por nenhum desses meios o paciente tiver acesso ao medicamento, \u00e9 necess\u00e1rio buscar aux\u00edlio judicial. Para tanto, o portador deve procurar um \u00f3rg\u00e3o legitimado para promover a a\u00e7\u00e3o judicial, podendo ser: a Defensoria P\u00fablica, o Minist\u00e9rio P\u00fablico, as Faculdades de Direito conveniadas com a OAB e\/ou com \u00f3rg\u00e3os do Poder Judici\u00e1rio (Justi\u00e7a Estadual\/Federal) ou o Sistema dos Juizados Especiais. H\u00e1 tamb\u00e9m a possibilidade de se contratar um advogado particular.<\/p><h2><strong>Documenta\u00e7\u00e3o para dar entrada em processo de medicamentos<\/strong><\/h2><ul><li>Documento de identidade RG e CPF<\/li><li>Comprovante de resid\u00eancia \u2013 se este n\u00e3o estiver no nome do assistido \u00e9 preciso comprovar o v\u00ednculo familiar por documentos (RG, certid\u00e3o de casamento, etc.) ou acompanhado de declara\u00e7\u00e3o de resid\u00eancia e\/ou outro comprovante (conta de cart\u00e3o de loja, carta etc.).<\/li><li>Comprovante de renda (CPF do autor, n\u00famero do CPF dos membros da fam\u00edlia e contracheques ou c\u00f3pia da CTPS \u2013 os \u00faltimos poss\u00edveis).<\/li><li>Atestado m\u00e9dico com o c\u00f3digo da Classifica\u00e7\u00e3o Internacional de Doen\u00e7as (CID) \u2013 emitido por m\u00e9dico do Sistema \u00danico de Sa\u00fade (\u00e9 preciso pedir o carimbo do SUS).<\/li><li>Prescri\u00e7\u00e3o m\u00e9dica contendo os rem\u00e9dios\/procedimentos\/tratamentos, com posologia.<\/li><li>Laudo m\u00e9dico fundamentado indicando se o paciente j\u00e1 utilizou os medicamentos\/recursos do SUS, se fizeram efeito ou n\u00e3o, e os motivos da necessidade da medica\u00e7\u00e3o receitada, com fundamentos te\u00f3ricos, bibliografia e justifica\u00e7\u00e3o.<\/li><li>Requerimento solicitando o rem\u00e9dio (preenchido e assinado pelo paciente ou respons\u00e1vel).<\/li><li>Negativa formal da Secretaria Estadual de Sa\u00fade (SES), da Secretaria Municipal de Sa\u00fade (SMS) e do CEPON.<\/li><li>Dois or\u00e7amentos indicativos do valor do medicamento para cada rem\u00e9dio\/tratamento\/exame.<\/li><\/ul><h2><strong>Plano de sa\u00fade<\/strong><\/h2><p>A garantia \u00e0 sa\u00fade \u00e9 um direito de todos e um dever do Estado que, contudo, n\u00e3o consegue atender eficientemente a demanda da popula\u00e7\u00e3o dando espa\u00e7o \u00e0 iniciativa privada.<\/p><p>O Estado permite \u00e0 iniciativa privada a presta\u00e7\u00e3o de servi\u00e7os m\u00e9dicos e hospitalares como forma de assist\u00eancia complementar \u00e0 sa\u00fade. Para regular o setor criou a Ag\u00eancia Nacional de Sa\u00fade Suplementar &#8211; ANS.<\/p><p>A pessoa f\u00edsica ou jur\u00eddica contrata um Plano de Sa\u00fade oferecido por um empresa privada, que disponibiliza cobertura m\u00e9dica, hospitalar, ambulatorial e, em alguns casos, odontol\u00f3gica.<\/p><p>Os Planos e Sa\u00fade de um modo geral oferecem cobertura ambulatorial sem direito a interna\u00e7\u00e3o hospitalar.<\/p><p>O Plano de Sa\u00fade com cobertura hospitalar n\u00e3o cobre consultas e exames realizados fora do hospital. E os Planos de Sa\u00fade mais completos combinam a cobertura ambulatorial e hospitalar e n\u00e3o podem limitar o tempo de interna\u00e7\u00e3o hospitalar.<\/p><p>Os planos contratados a partir do dia 2 de janeiro de 1999 est\u00e3o obrigados a cobrir todas as doen\u00e7as listadas na Classifica\u00e7\u00e3o Internacional de Doen\u00e7as &#8211; CID, da Organiza\u00e7\u00e3o Mundial de Sa\u00fade &#8211; OMS.<\/p><p>Nos contratos anteriores a 1999 \u00e9 comum o plano se recusar a cobrir despesas relativas a doen\u00e7as preexistentes. Doen\u00e7a preexistente \u00e9 doen\u00e7a que j\u00e1 existia e era de conhecimento do benefici\u00e1rio quando ele assinou o contrato.<\/p><p>Ap\u00f3s 1999 os Planos de Sa\u00fade podem estabelecer um per\u00edodo de car\u00eancia n\u00e3o superior a dois anos para cobertura de procedimentos relacionados \u00e0 doen\u00e7a preexistente. Ap\u00f3s o per\u00edodo, o benefici\u00e1rio passa a gozar de cobertura integral.<\/p><p>Os planos de sa\u00fade s\u00e3o obrigados a cobrir as despesas com tratamento oncol\u00f3gico ambulatorial e hospitalar, tais como quimioterapia, radioterapia e cirurgias, observadas as condi\u00e7\u00f5es e cobertura do tipo de plano contratado.<\/p><p>Os planos de sa\u00fade estabelecem um per\u00edodo de car\u00eancia para utiliza\u00e7\u00e3o dos servi\u00e7os. Nesse per\u00edodo, o benefici\u00e1rio paga as mensalidades, mas n\u00e3o tem direito a marcar consultas ou fazer exames laboratoriais.<\/p><p>Destaca-se que para o c\u00e2ncer detectado ap\u00f3s assinatura do contrato n\u00e3o h\u00e1 car\u00eancia.<\/p><p>Os planos de sa\u00fade s\u00e3o obrigados a fornecer os medicamentos antineopl\u00e1sicos orais para uso domiciliar e para o controle de efeitos adversos relacionados a quimioterapia. Vide o t\u00edtulo Medicamentos.<\/p><p>A quimioterapia coberta pelo Plano de Sa\u00fade deve ser feita em car\u00e1ter domiciliar se houver recomenda\u00e7\u00e3o m\u00e9dica a respeito.<\/p><p>A interna\u00e7\u00e3o domiciliar n\u00e3o tem previs\u00e3o legal expressa por\u00e9m alguns Planos de Sa\u00fade oferecem o servi\u00e7o, desde que haja indica\u00e7\u00e3o m\u00e9dica. O direito pode ser requerido via judicial para os contratos que n\u00e3o t\u00eam essa previs\u00e3o.<\/p><p>Aplicam-se aos Planos de Sa\u00fade as normas da Lei dos Planos de Sa\u00fade \u2013 Lei 9.656\/98, de 03\/06\/1998, Lei n\u00b012.880, de 12\/11\/2013 e do C\u00f3digo Brasileiro do Consumidor Lei 8.078\/90, de 11\/09\/1990.<\/p><\/div>\n\t\t\t\t<\/div>\n\t\t\t\t\t\t\t<div class=\"elementor-accordion-item\">\n\t\t\t\t\t<div id=\"elementor-tab-title-1702\" class=\"elementor-tab-title\" data-tab=\"2\" role=\"button\" aria-controls=\"elementor-tab-content-1702\" aria-expanded=\"false\">\n\t\t\t\t\t\t\t\t\t\t\t\t\t<span class=\"elementor-accordion-icon elementor-accordion-icon-left\" aria-hidden=\"true\">\n\t\t\t\t\t\t\t\t\t\t\t\t\t\t\t<span class=\"elementor-accordion-icon-closed\"><i class=\"fas fa-plus\"><\/i><\/span>\n\t\t\t\t\t\t\t\t<span class=\"elementor-accordion-icon-opened\"><i class=\"fas fa-minus\"><\/i><\/span>\n\t\t\t\t\t\t\t\t\t\t\t\t\t\t<\/span>\n\t\t\t\t\t\t\t\t\t\t\t\t<a class=\"elementor-accordion-title\" tabindex=\"0\">Tratamento Fora de Domic\u00edlio (TFD)<\/a>\n\t\t\t\t\t<\/div>\n\t\t\t\t\t<div id=\"elementor-tab-content-1702\" class=\"elementor-tab-content elementor-clearfix\" data-tab=\"2\" role=\"region\" aria-labelledby=\"elementor-tab-title-1702\"><h2><strong>O que \u00e9 o TFD?<\/strong><\/h2><p>O Tratamento Fora de Domic\u00edlio \u2013 TFD, institu\u00eddo pela Portaria n\u00ba 55 da Secretaria de Assist\u00eancia \u00e0 Sa\u00fade (Minist\u00e9rio da Sa\u00fade), consiste em uma ajuda de custo ao paciente, e em alguns casos, tamb\u00e9m ao acompanhante, encaminhados por ordem m\u00e9dica \u00e0 unidades de sa\u00fade de outro munic\u00edpio ou Estado da Federa\u00e7\u00e3o.<\/p><p>Destina-se a pacientes portadores de doen\u00e7as n\u00e3o trat\u00e1veis no munic\u00edpio de origem por falta de condi\u00e7\u00f5es ou quando esgotados todos os meios de tratamento na localidade de resid\u00eancia dos mesmos, limitado no per\u00edodo estritamente necess\u00e1rio a este tratamento e aos recursos or\u00e7ament\u00e1rios existentes.<\/p><p>\u00c9 uma norma que garante o acesso de pacientes de um munic\u00edpio a servi\u00e7os assistenciais em outro \u2013 ou ainda, em determinados casos, de um Estado para outro.<\/p><p>Refere-se ao transporte a\u00e9reo, terrestre e fluvial, al\u00e9m de di\u00e1rias para pernoites e alimenta\u00e7\u00e3o para paciente e acompanhante.<\/p><p>O servi\u00e7o deve ser requerido na Secretaria de Sa\u00fade do Estado.<\/p><p>As autoriza\u00e7\u00f5es dependem da disponibilidade or\u00e7ament\u00e1ria do Munic\u00edpio\/Estado e de an\u00e1lise or\u00e7ament\u00e1ria dos gestores do SUS.<\/p><h2><strong>Quem pode se beneficiar?<\/strong><\/h2><p>Somente pacientes atendidos na rede p\u00fablica ou conveniados do SUS.<\/p><h2><strong>Quem solicita?<\/strong><\/h2><p>A solicita\u00e7\u00e3o \u00e9 feita pelo m\u00e9dico assistente do paciente e em unidades do SUS. Nos casos em que houver indica\u00e7\u00e3o m\u00e9dica, ser\u00e1 autorizado o pagamento de despesas para acompanhante.<\/p><h2><strong>Regras para custeio de despesas do acompanhante<\/strong><\/h2><p>Somente ser\u00e1 admitido o custeio das despesas de pernoite e alimenta\u00e7\u00e3o do acompanhante nos casos de cirurgia de m\u00e9dio e grande porte nos casos de paciente menor de idade, de idosos acima de 60 anos ou paciente impossibilitado em raz\u00e3o da doen\u00e7a, de adotar por seus pr\u00f3prios meios as provid\u00eancias necess\u00e1rias ao seu tratamento. O acompanhante dever\u00e1 ser membro da fam\u00edlia, estar em pleno gozo da sa\u00fade, ser maior de 18 anos e menor de 60 anos, e ter disponibilidade para permanecer acompanhando seu paciente at\u00e9 o t\u00e9rmino do tratamento.<\/p><p>Caso n\u00e3o seja necess\u00e1ria a perman\u00eancia do acompanhante, este dever\u00e1 retornar \u00e0 localidade de origem ap\u00f3s a interna\u00e7\u00e3o do paciente, e quando da alta do paciente se houver necessidade de acompanhante para seu retorno, ser\u00e1 providenciado o deslocamento do mesmo.<\/p><\/div>\n\t\t\t\t<\/div>\n\t\t\t\t\t\t\t<div class=\"elementor-accordion-item\">\n\t\t\t\t\t<div id=\"elementor-tab-title-1703\" class=\"elementor-tab-title\" data-tab=\"3\" role=\"button\" aria-controls=\"elementor-tab-content-1703\" aria-expanded=\"false\">\n\t\t\t\t\t\t\t\t\t\t\t\t\t<span class=\"elementor-accordion-icon elementor-accordion-icon-left\" aria-hidden=\"true\">\n\t\t\t\t\t\t\t\t\t\t\t\t\t\t\t<span class=\"elementor-accordion-icon-closed\"><i class=\"fas fa-plus\"><\/i><\/span>\n\t\t\t\t\t\t\t\t<span class=\"elementor-accordion-icon-opened\"><i class=\"fas fa-minus\"><\/i><\/span>\n\t\t\t\t\t\t\t\t\t\t\t\t\t\t<\/span>\n\t\t\t\t\t\t\t\t\t\t\t\t<a class=\"elementor-accordion-title\" tabindex=\"0\">Atendimento multiprofissional no SUS<\/a>\n\t\t\t\t\t<\/div>\n\t\t\t\t\t<div id=\"elementor-tab-content-1703\" class=\"elementor-tab-content elementor-clearfix\" data-tab=\"3\" role=\"region\" aria-labelledby=\"elementor-tab-title-1703\"><p>Al\u00e9m do mastologista e oncologista, a paciente com c\u00e2ncer tem direito ao acompanhamento de outros profissionais de sa\u00fade, como nutricionista, psic\u00f3logo, fisioterapeuta etc.<\/p><\/div>\n\t\t\t\t<\/div>\n\t\t\t\t\t\t\t<div class=\"elementor-accordion-item\">\n\t\t\t\t\t<div id=\"elementor-tab-title-1704\" class=\"elementor-tab-title\" data-tab=\"4\" role=\"button\" aria-controls=\"elementor-tab-content-1704\" aria-expanded=\"false\">\n\t\t\t\t\t\t\t\t\t\t\t\t\t<span class=\"elementor-accordion-icon elementor-accordion-icon-left\" aria-hidden=\"true\">\n\t\t\t\t\t\t\t\t\t\t\t\t\t\t\t<span class=\"elementor-accordion-icon-closed\"><i class=\"fas fa-plus\"><\/i><\/span>\n\t\t\t\t\t\t\t\t<span class=\"elementor-accordion-icon-opened\"><i class=\"fas fa-minus\"><\/i><\/span>\n\t\t\t\t\t\t\t\t\t\t\t\t\t\t<\/span>\n\t\t\t\t\t\t\t\t\t\t\t\t<a class=\"elementor-accordion-title\" tabindex=\"0\">Tratamento em at\u00e9 60 dias no SUS<\/a>\n\t\t\t\t\t<\/div>\n\t\t\t\t\t<div id=\"elementor-tab-content-1704\" class=\"elementor-tab-content elementor-clearfix\" data-tab=\"4\" role=\"region\" aria-labelledby=\"elementor-tab-title-1704\"><p>A lei assegura a pacientes com diagn\u00f3stico de c\u00e2ncer o in\u00edcio do tratamento em at\u00e9 60 dias. O prazo m\u00e1ximo vale para que o paciente passe por uma cirurgia ou inicie sess\u00f5es de quimioterapia ou radioterapia, conforme prescri\u00e7\u00e3o m\u00e9dica.<br \/>O tempo come\u00e7a a ser contado a partir do diagn\u00f3stico da neoplasia maligna, firmado em laudo patol\u00f3gico.<\/p><p>A lei determina que o paciente com c\u00e2ncer receba gratuitamente, no Sistema \u00danico de Sa\u00fade (SUS), todos os tratamentos necess\u00e1rios e tratamento privilegiado, quanto a dispensa\u00e7\u00e3o de analgesia, quando acometido por manifesta\u00e7\u00f5es dolorosas.<\/p><p>Caso este prazo n\u00e3o seja respeitado o paciente deve procurar a Secretaria de Sa\u00fade de sua cidade e podem fazer uma den\u00fancia junto \u00e0 ouvidoria do SUS pelo telefone 136. Essas den\u00fancias ser\u00e3o fiscalizadas pelo Minist\u00e9rio da Sa\u00fade. O paciente poder\u00e1 ainda recorrer ao judici\u00e1rio.<\/p><p>Considera-se cumprido o prazo se, em at\u00e9 60 dias, o paciente j\u00e1 tiver realizado cirurgia ou iniciado o tratamento, conforme a prescri\u00e7\u00e3o m\u00e9dica.<\/p><h2><strong>Como reivindicar o direito?<\/strong><\/h2><p>Role a barra para a se\u00e7\u00e3o \u201cComo exigir seus direitos\u201d e saiba mais.<\/p><\/div>\n\t\t\t\t<\/div>\n\t\t\t\t\t\t\t<div class=\"elementor-accordion-item\">\n\t\t\t\t\t<div id=\"elementor-tab-title-1705\" class=\"elementor-tab-title\" data-tab=\"5\" role=\"button\" aria-controls=\"elementor-tab-content-1705\" aria-expanded=\"false\">\n\t\t\t\t\t\t\t\t\t\t\t\t\t<span class=\"elementor-accordion-icon elementor-accordion-icon-left\" aria-hidden=\"true\">\n\t\t\t\t\t\t\t\t\t\t\t\t\t\t\t<span class=\"elementor-accordion-icon-closed\"><i class=\"fas fa-plus\"><\/i><\/span>\n\t\t\t\t\t\t\t\t<span class=\"elementor-accordion-icon-opened\"><i class=\"fas fa-minus\"><\/i><\/span>\n\t\t\t\t\t\t\t\t\t\t\t\t\t\t<\/span>\n\t\t\t\t\t\t\t\t\t\t\t\t<a class=\"elementor-accordion-title\" tabindex=\"0\">Reconstru\u00e7\u00e3o mam\u00e1ria no SUS<\/a>\n\t\t\t\t\t<\/div>\n\t\t\t\t\t<div id=\"elementor-tab-content-1705\" class=\"elementor-tab-content elementor-clearfix\" data-tab=\"5\" role=\"region\" aria-labelledby=\"elementor-tab-title-1705\"><h2><strong>O que \u00e9 a Cirurgia de Reconstru\u00e7\u00e3o Mam\u00e1ria?<\/strong><\/h2><p>\u00c9 a cirurgia pl\u00e1stica que atrav\u00e9s de v\u00e1rias t\u00e9cnicas cir\u00fargicas busca restaurar a mama, considerando a forma, a apar\u00eancia e o tamanho, ap\u00f3s a mastectomia parcial ou total, em decorr\u00eancia de tratamento de c\u00e2ncer.<\/p><h2><strong>Quem tem direito?<\/strong><\/h2><p>Toda mulher que, em virtude do c\u00e2ncer, teve uma ou ambas as mamas amputadas ou mutiladas, tem direito a essa cirurgia, sendo necess\u00e1ria a recomenda\u00e7\u00e3o do m\u00e9dico assistente da paciente. Tanto o SUS como os planos privados de assist\u00eancia \u00e0 sa\u00fade tem a obriga\u00e7\u00e3o de prestar o servi\u00e7o de cirurgia pl\u00e1stica reconstrutiva de mama.<\/p><p>A Lei no 9.797, de 6 de maio de 1999 estabelece que as mulheres que sofrerem mutila\u00e7\u00e3o total ou parcial de mama, decorrente de utiliza\u00e7\u00e3o de t\u00e9cnica de tratamento de c\u00e2ncer, t\u00eam direito a cirurgia pl\u00e1stica reconstrutiva, por meio do SUS.<\/p><p>A Lei n\u00ba 12.802, de 24 de abril de 2013 disp\u00f5e sobre o momento da reconstru\u00e7\u00e3o mam\u00e1ria, determinando que quando existirem condi\u00e7\u00f5es t\u00e9cnicas, a reconstru\u00e7\u00e3o ser\u00e1 efetuada no mesmo tempo cir\u00fargico.<\/p><p>Assim, havendo indica\u00e7\u00e3o m\u00e9dica, toda mulher tem o direito de realizar a cirurgia de reconstru\u00e7\u00e3o de mama durante a interven\u00e7\u00e3o cir\u00fargica para tratamento da doen\u00e7a.<\/p><p>Na hip\u00f3tese de n\u00e3o ser poss\u00edvel a reconstru\u00e7\u00e3o imediata, a paciente ser\u00e1 encaminhada para acompanhamento e ter\u00e1 garantida a realiza\u00e7\u00e3o da cirurgia imediatamente ap\u00f3s alcan\u00e7ar as condi\u00e7\u00f5es cl\u00ednicas requeridas.<\/p><p>O paciente tamb\u00e9m tem direito \u00e0 cirurgia pl\u00e1stica de corre\u00e7\u00e3o de eventual assimetria entre a mama afetada pelo c\u00e2ncer e a saud\u00e1vel, para manter a propor\u00e7\u00e3o est\u00e9tica entre ambas, da mesma forma a reconstru\u00e7\u00e3o do complexo ar\u00e9olo-mamilar.<\/p><h2><strong>Como solicitar o benef\u00edcio?<\/strong><\/h2><p>Pelo SUS, o paciente pode agendar a cirurgia de reconstru\u00e7\u00e3o mam\u00e1ria no local do tratamento. Se o paciente n\u00e3o estiver mais em tratamento, dever\u00e1 se dirigir a uma Unidade B\u00e1sica de Sa\u00fade e solicitar o seu encaminhamento para uma unidade especializada em cirurgia de reconstru\u00e7\u00e3o mam\u00e1ria. O paciente deve se consultar com o m\u00e9dico cirurgi\u00e3o pl\u00e1stico credenciado ao seu plano de sa\u00fade.<\/p><p>O paciente tamb\u00e9m tem direito \u00e0 cirurgia pl\u00e1stica de corre\u00e7\u00e3o de eventual assimetria entre a mama afetada pelo c\u00e2ncer e a saud\u00e1vel, para manter a propor\u00e7\u00e3o est\u00e9tica entre ambas. O paciente tamb\u00e9m tem direito \u00e0 cirurgia pl\u00e1stica de corre\u00e7\u00e3o de eventual assimetria entre a mama afetada pelo c\u00e2ncer e a saud\u00e1vel, para manter a propor\u00e7\u00e3o est\u00e9tica entre ambas.<\/p><\/div>\n\t\t\t\t<\/div>\n\t\t\t\t\t\t\t<div class=\"elementor-accordion-item\">\n\t\t\t\t\t<div id=\"elementor-tab-title-1706\" class=\"elementor-tab-title\" data-tab=\"6\" role=\"button\" aria-controls=\"elementor-tab-content-1706\" aria-expanded=\"false\">\n\t\t\t\t\t\t\t\t\t\t\t\t\t<span class=\"elementor-accordion-icon elementor-accordion-icon-left\" aria-hidden=\"true\">\n\t\t\t\t\t\t\t\t\t\t\t\t\t\t\t<span class=\"elementor-accordion-icon-closed\"><i class=\"fas fa-plus\"><\/i><\/span>\n\t\t\t\t\t\t\t\t<span class=\"elementor-accordion-icon-opened\"><i class=\"fas fa-minus\"><\/i><\/span>\n\t\t\t\t\t\t\t\t\t\t\t\t\t\t<\/span>\n\t\t\t\t\t\t\t\t\t\t\t\t<a class=\"elementor-accordion-title\" tabindex=\"0\">Acesso \u00e0 mamografia a partir dos 40 anos no SUS<\/a>\n\t\t\t\t\t<\/div>\n\t\t\t\t\t<div id=\"elementor-tab-content-1706\" class=\"elementor-tab-content elementor-clearfix\" data-tab=\"6\" role=\"region\" aria-labelledby=\"elementor-tab-title-1706\"><p>A\u00a0<a href=\"http:\/\/www.planalto.gov.br\/ccivil_03\/_ato2007-2010\/2008\/lei\/l11664.htm\" target=\"_blank\" rel=\"noopener\">Lei 11.664\/08<\/a>\u00a0define que todas as mulheres t\u00eam o direito de realizar a mamografia anualmente a partir dos 40 anos. Todas as mulheres acima nessa faixa et\u00e1ria devem buscar atendimento nas unidades b\u00e1sicas de sa\u00fade e solicitar a realiza\u00e7\u00e3o do exame.<\/p><p>Quando houver suspeita da doen\u00e7a, como n\u00f3dulo, secre\u00e7\u00e3o, dor, coceira entre outros, ou quando a mulher t\u00eam casos da doen\u00e7a em familiares muito pr\u00f3ximos, a mamografia n\u00e3o h\u00e1 restri\u00e7\u00e3o de idade para realiza\u00e7\u00e3o do exame, que deve ser agendado mediante prescri\u00e7\u00e3o m\u00e9dica.<\/p><\/div>\n\t\t\t\t<\/div>\n\t\t\t\t\t\t\t\t<\/div>\n\t\t\t\t\t\t<\/div>\n\t\t\t\t<\/div>\n\t\t\t\t\t<\/div>\n\t\t<\/div>\n\t\t\t\t\t<\/div>\n\t\t<\/section>\n\t\t\t\t<section class=\"elementor-section elementor-top-section elementor-element elementor-element-34955a3 elementor-section-boxed elementor-section-height-default elementor-section-height-default\" data-id=\"34955a3\" data-element_type=\"section\">\n\t\t\t\t\t\t<div class=\"elementor-container elementor-column-gap-default\">\n\t\t\t\t\t<div class=\"elementor-column elementor-col-100 elementor-top-column elementor-element elementor-element-4d2103a\" data-id=\"4d2103a\" data-element_type=\"column\">\n\t\t\t<div class=\"elementor-widget-wrap elementor-element-populated\">\n\t\t\t\t\t\t<div class=\"elementor-element elementor-element-87d34df elementor-widget elementor-widget-text-editor\" data-id=\"87d34df\" data-element_type=\"widget\" data-widget_type=\"text-editor.default\">\n\t\t\t\t<div class=\"elementor-widget-container\">\n\t\t\t\t\t\t\t\t\t<h3><strong>DIREITOS SOCIAIS<\/strong><\/h3>\t\t\t\t\t\t\t\t<\/div>\n\t\t\t\t<\/div>\n\t\t\t\t\t<\/div>\n\t\t<\/div>\n\t\t\t\t\t<\/div>\n\t\t<\/section>\n\t\t\t\t<section class=\"elementor-section elementor-top-section elementor-element elementor-element-102e5ae elementor-section-boxed elementor-section-height-default elementor-section-height-default\" data-id=\"102e5ae\" data-element_type=\"section\">\n\t\t\t\t\t\t<div class=\"elementor-container elementor-column-gap-default\">\n\t\t\t\t\t<div class=\"elementor-column elementor-col-100 elementor-top-column elementor-element elementor-element-5c9b9b1\" data-id=\"5c9b9b1\" data-element_type=\"column\">\n\t\t\t<div class=\"elementor-widget-wrap elementor-element-populated\">\n\t\t\t\t\t\t<div class=\"elementor-element elementor-element-03c04a9 elementor-widget elementor-widget-accordion\" data-id=\"03c04a9\" data-element_type=\"widget\" data-widget_type=\"accordion.default\">\n\t\t\t\t<div class=\"elementor-widget-container\">\n\t\t\t\t\t\t\t<div class=\"elementor-accordion\">\n\t\t\t\t\t\t\t<div class=\"elementor-accordion-item\">\n\t\t\t\t\t<div id=\"elementor-tab-title-3931\" class=\"elementor-tab-title\" data-tab=\"1\" role=\"button\" aria-controls=\"elementor-tab-content-3931\" aria-expanded=\"false\">\n\t\t\t\t\t\t\t\t\t\t\t\t\t<span class=\"elementor-accordion-icon elementor-accordion-icon-left\" aria-hidden=\"true\">\n\t\t\t\t\t\t\t\t\t\t\t\t\t\t\t<span class=\"elementor-accordion-icon-closed\"><i class=\"fas fa-plus\"><\/i><\/span>\n\t\t\t\t\t\t\t\t<span class=\"elementor-accordion-icon-opened\"><i class=\"fas fa-minus\"><\/i><\/span>\n\t\t\t\t\t\t\t\t\t\t\t\t\t\t<\/span>\n\t\t\t\t\t\t\t\t\t\t\t\t<a class=\"elementor-accordion-title\" tabindex=\"0\">Pris\u00e3o Especial<\/a>\n\t\t\t\t\t<\/div>\n\t\t\t\t\t<div id=\"elementor-tab-content-3931\" class=\"elementor-tab-content elementor-clearfix\" data-tab=\"1\" role=\"region\" aria-labelledby=\"elementor-tab-title-3931\"><p>De acordo com a Lei 7.210 de 11\/07\/1984, (Lei de Execu\u00e7\u00e3o Penal) art. 117 al\u00ednea b, admite o recolhimento do benefici\u00e1rio do regime aberto em resid\u00eancia particular quando o condenado for acometido de doen\u00e7a grave.<\/p><p>As doen\u00e7as graves consideradas para obten\u00e7\u00e3o do benef\u00edcio s\u00e3o as elencadas na Lei n\u00ba 7.713 de 22\/12\/1988, art. 6\u00ba, XIV, entre elas o c\u00e2ncer.<\/p><p>O benef\u00edcio pode ser estendido aos apenados em regime fechado desde que a enfermidade seja grave a ponto de causar danos graves e irrepar\u00e1veis a sua sa\u00fade na pris\u00e3o.<\/p><\/div>\n\t\t\t\t<\/div>\n\t\t\t\t\t\t\t<div class=\"elementor-accordion-item\">\n\t\t\t\t\t<div id=\"elementor-tab-title-3932\" class=\"elementor-tab-title\" data-tab=\"2\" role=\"button\" aria-controls=\"elementor-tab-content-3932\" aria-expanded=\"false\">\n\t\t\t\t\t\t\t\t\t\t\t\t\t<span class=\"elementor-accordion-icon elementor-accordion-icon-left\" aria-hidden=\"true\">\n\t\t\t\t\t\t\t\t\t\t\t\t\t\t\t<span class=\"elementor-accordion-icon-closed\"><i class=\"fas fa-plus\"><\/i><\/span>\n\t\t\t\t\t\t\t\t<span class=\"elementor-accordion-icon-opened\"><i class=\"fas fa-minus\"><\/i><\/span>\n\t\t\t\t\t\t\t\t\t\t\t\t\t\t<\/span>\n\t\t\t\t\t\t\t\t\t\t\t\t<a class=\"elementor-accordion-title\" tabindex=\"0\">Aposentadoria por invalidez<\/a>\n\t\t\t\t\t<\/div>\n\t\t\t\t\t<div id=\"elementor-tab-content-3932\" class=\"elementor-tab-content elementor-clearfix\" data-tab=\"2\" role=\"region\" aria-labelledby=\"elementor-tab-title-3932\"><p>\u00c9 concedida ao paciente de c\u00e2ncer quando sua incapacidade para o trabalho \u00e9 considerada definitiva pela per\u00edcia m\u00e9dica do INSS.<\/p><p>Tem direito ao benef\u00edcio o segurado que n\u00e3o esteja em processo de reabilita\u00e7\u00e3o para o exerc\u00edcio de atividade que lhe garanta a subsist\u00eancia (independentemente de estar recebendo ou n\u00e3o o aux\u00edlio-doen\u00e7a).<\/p><p>O portador de c\u00e2ncer ter\u00e1 direito ao benef\u00edcio, independentemente do pagamento de 12 contribui\u00e7\u00f5es, desde que esteja na qualidade de segurado, isto \u00e9, que seja inscrito no Regime Geral de Previd\u00eancia Social (INSS).<\/p><p>N\u00e3o \u00e9 assegurado o direito \u00e0 aposentadoria por invalidez ao paciente que, ao se filiar \u00e0 Previd\u00eancia Social, j\u00e1 era portador da doen\u00e7a que geraria o benef\u00edcio.<\/p><h2><strong>Como solicitar o benef\u00edcio?<\/strong><\/h2><p>O paciente deve:<\/p><ul><li>comparecer, pessoalmente ou por interm\u00e9dio de um procurador, ao posto da Previd\u00eancia Social mais pr\u00f3ximo de sua resid\u00eancia;<\/li><li>preencher requerimento pr\u00f3prio;<\/li><li>apresentar a documenta\u00e7\u00e3o exigida;<\/li><li>agendar realiza\u00e7\u00e3o de per\u00edcia m\u00e9dica.<\/li><\/ul><h2><strong>Documenta\u00e7\u00e3o necess\u00e1ria:<\/strong><\/h2><ul><li>Carteira de Trabalho e Previd\u00eancia Social &#8211; CTPS original ou documentos que comprovem a contribui\u00e7\u00e3o \u00e0 Previd\u00eancia Social;<\/li><li>N\u00famero de Identifica\u00e7\u00e3o do Trabalhador \u2013 NIT (PIS\/PASEP)ou n\u00famero de inscri\u00e7\u00e3o do contribuinte;<\/li><li>Relat\u00f3rio m\u00e9dico original com as seguintes informa\u00e7\u00f5es: diagn\u00f3stico da doen\u00e7a, hist\u00f3rico cl\u00ednico do paciente, C\u00f3digo Internacional de Doen\u00e7as &#8211; CID e relato das eventuais sequelas provocadas pela doen\u00e7a e justificativa da incapacidade permanente para o trabalho. O relat\u00f3rio deve conter data, assinatura, carimbo e CRM do m\u00e9dico.<\/li><li>Exames que comprovem a exist\u00eancia da doen\u00e7a.<\/li><li>Procura\u00e7\u00e3o, se for o caso.<\/li><\/ul><h2><strong>Como calcular o valor do benef\u00edcio previdenci\u00e1rio?<\/strong><\/h2><p>O sal\u00e1rio-benef\u00edcio dos trabalhadores inscritos at\u00e9 28 de novembro de 1999 corresponder\u00e1 \u00e0 m\u00e9dia dos 80% maiores sal\u00e1rios de contribui\u00e7\u00e3o, corrigidos monetariamente, desde julho de 1994. Para os inscritos a partir de 29 de novembro de 1999, o valor ser\u00e1 a m\u00e9dia dos 80% maiores sal\u00e1rios de contribui\u00e7\u00e3o de todo o per\u00edodo contributivo.<\/p><p>Na aposentadoria por invalidez o sal\u00e1rio-benef\u00edcio ser\u00e1 de 100% e \u00e9 isento do Imposto de Renda.<\/p><h2><strong>Quando o paciente come\u00e7a a receber o benef\u00edcio?<\/strong><\/h2><p>Caso o segurado esteja recebendo o aux\u00edlio-doen\u00e7a, o pagamento da aposentadoria por invalidez come\u00e7ar\u00e1 imediatamente a partir do dia em que cessar o pagamento do primeiro benef\u00edcio.<\/p><p>Se n\u00e3o estiver recebendo o aux\u00edlio-doen\u00e7a, a aposentadoria por invalidez come\u00e7ar\u00e1 a ser paga a partir do 16\u00b0 dia de afastamento da atividade.<br \/>Se passarem mais de 30 dias entre o afastamento e a entrada do requerimento, o benefici\u00e1rio ser\u00e1 pago a partir da data de entrada do requerimento. Para os trabalhadores aut\u00f4nomos, o benef\u00edcio come\u00e7ar\u00e1 a ser pago a partir da data da entrada do requerimento.<\/p><h2><strong>Quando o paciente deixa de receber o benef\u00edcio do INSS?<\/strong><\/h2><ul><li>Quando recuperar sua capacidade laborativa e voltar ao trabalho.<\/li><li>Se o segurado deixar de comparecer \u00e0 per\u00edcia obrigat\u00f3ria, depois de concedida a aposentadoria por invalidez.<\/li><\/ul><h2><strong>O aposentado por invalidez pode voltar ao trabalho?<\/strong><\/h2><p>Sim. Se o aposentado voltar ao trabalho por iniciativa pr\u00f3pria, ter\u00e1 a sua aposentadoria automaticamente cessada, a partir da data do retorno. Para retornar ao trabalho o aposentado por invalidez dever\u00e1 requerer nova avalia\u00e7\u00e3o m\u00e9dico-pericial.<\/p><h2><strong>O aposentado por invalidez pela Previd\u00eancia Social que necessitar da ajuda di\u00e1ria de outra pessoa tem algum outro direito?<\/strong><\/h2><p>Necessitando de assist\u00eancia permanente de outra pessoa, o aposentado por invalidez poder\u00e1, a crit\u00e9rio da per\u00edcia m\u00e9dica, ter o valor do benef\u00edcio aumentado em 25% a partir da data de sua solicita\u00e7\u00e3o \u2013 mesmo que o valor atinja o limite m\u00e1ximo previsto em lei.<\/p><p>Para requerer a majora\u00e7\u00e3o, o benefici\u00e1rio ou seu procurador\/representante legal dever\u00e1 comparecer diretamente na Ag\u00eancia da Previd\u00eancia Social mantenedora do benef\u00edcio para agendar a avalia\u00e7\u00e3o m\u00e9dico-pericial.<\/p><h2><strong>O que fazer quando o pedido de aposentadoria por invalidez for negado?<\/strong><\/h2><p>Se o pedido de concess\u00e3o ou prorroga\u00e7\u00e3o de aposentadoria por invalidez for negado, o paciente que se sentir prejudicado poder\u00e1 formular Pedido de Reconsidera\u00e7\u00e3o &#8211; PR, no prazo de at\u00e9 30 dias ap\u00f3s o conhecimento da avalia\u00e7\u00e3o m\u00e9dica ou da cessa\u00e7\u00e3o do benef\u00edcio.<\/p><p>Esse pedido deve ser feito na ag\u00eancia da Previd\u00eancia Social respons\u00e1vel pela concess\u00e3o do benef\u00edcio, pela internet (no site da Previd\u00eancia Social).<\/p><p>Se o resultado for desfavor\u00e1vel, o paciente pode ingressar com o pedido por via judicial.<\/p><\/div>\n\t\t\t\t<\/div>\n\t\t\t\t\t\t\t<div class=\"elementor-accordion-item\">\n\t\t\t\t\t<div id=\"elementor-tab-title-3933\" class=\"elementor-tab-title\" data-tab=\"3\" role=\"button\" aria-controls=\"elementor-tab-content-3933\" aria-expanded=\"false\">\n\t\t\t\t\t\t\t\t\t\t\t\t\t<span class=\"elementor-accordion-icon elementor-accordion-icon-left\" aria-hidden=\"true\">\n\t\t\t\t\t\t\t\t\t\t\t\t\t\t\t<span class=\"elementor-accordion-icon-closed\"><i class=\"fas fa-plus\"><\/i><\/span>\n\t\t\t\t\t\t\t\t<span class=\"elementor-accordion-icon-opened\"><i class=\"fas fa-minus\"><\/i><\/span>\n\t\t\t\t\t\t\t\t\t\t\t\t\t\t<\/span>\n\t\t\t\t\t\t\t\t\t\t\t\t<a class=\"elementor-accordion-title\" tabindex=\"0\">Direito \u00e0 informa\u00e7\u00e3o<\/a>\n\t\t\t\t\t<\/div>\n\t\t\t\t\t<div id=\"elementor-tab-content-3933\" class=\"elementor-tab-content elementor-clearfix\" data-tab=\"3\" role=\"region\" aria-labelledby=\"elementor-tab-title-3933\"><p>O direito fundamental \u00e0 informa\u00e7\u00e3o em sa\u00fade \u00e9 um direito constitucionalmente assegurado. O paciente munido de conhecimento adequado pode exercer sua cidadania fazendo valer e reivindicando seus direitos.<\/p><p>Todo paciente tem direito ao acesso ao seu prontu\u00e1rio m\u00e9dico. Recomenda- se que o pedido seja feito por escrito pelo paciente ou seu procurador. Se for solicitado e o m\u00e9dico se negar a fornecer, o paciente poder\u00e1 recorrer ao judici\u00e1rio para que seja ordenada ao m\u00e9dico que forne\u00e7a c\u00f3pia.<\/p><p>No Brasil, o direito de acesso \u00e0 informa\u00e7\u00e3o p\u00fablica foi previsto na Constitui\u00e7\u00e3o Federal, no art 5\u00ba, incisos XIV e XXXIII do Cap\u00edtulo I &#8211; dos Direitos e Deveres Individuais e Coletivos &#8211; que disp\u00f5e que: \u201ctodos t\u00eam direito a receber dos \u00f3rg\u00e3os p\u00fablicos informa\u00e7\u00f5es de seu interesse particular, ou de interesse coletivo ou geral, que ser\u00e3o prestadas no prazo da lei, sob pena de responsabilidade, ressalvadas aquelas cujo sigilo seja imprescind\u00edvel \u00e0 seguran\u00e7a da sociedade e do Estado\u201d.<\/p><p>A Lei 12.527, de 18 de novembro de 2011, &#8211; Lei de Acesso \u00e0 Informa\u00e7\u00e3o, regulamenta o direito constitucional dos cidad\u00e3os de acesso \u00e0s informa\u00e7\u00f5es p\u00fablicas e seus dispositivos s\u00e3o aplic\u00e1veis as tr\u00eas esferas de Poder da Uni\u00e3o, Estado, Distrito Federal e Munic\u00edpios. A Lei define o marco regulat\u00f3rio sobre o acesso \u00e0 informa\u00e7\u00e3o p\u00fablica e estabelece procedimentos para que a Administra\u00e7\u00e3o responda a pedidos de informa\u00e7\u00e3o do cidad\u00e3o.<\/p><\/div>\n\t\t\t\t<\/div>\n\t\t\t\t\t\t\t<div class=\"elementor-accordion-item\">\n\t\t\t\t\t<div id=\"elementor-tab-title-3934\" class=\"elementor-tab-title\" data-tab=\"4\" role=\"button\" aria-controls=\"elementor-tab-content-3934\" aria-expanded=\"false\">\n\t\t\t\t\t\t\t\t\t\t\t\t\t<span class=\"elementor-accordion-icon elementor-accordion-icon-left\" aria-hidden=\"true\">\n\t\t\t\t\t\t\t\t\t\t\t\t\t\t\t<span class=\"elementor-accordion-icon-closed\"><i class=\"fas fa-plus\"><\/i><\/span>\n\t\t\t\t\t\t\t\t<span class=\"elementor-accordion-icon-opened\"><i class=\"fas fa-minus\"><\/i><\/span>\n\t\t\t\t\t\t\t\t\t\t\t\t\t\t<\/span>\n\t\t\t\t\t\t\t\t\t\t\t\t<a class=\"elementor-accordion-title\" tabindex=\"0\">Isen\u00e7\u00e3o de impostos para aquisi\u00e7\u00e3o de ve\u00edculos adaptados<\/a>\n\t\t\t\t\t<\/div>\n\t\t\t\t\t<div id=\"elementor-tab-content-3934\" class=\"elementor-tab-content elementor-clearfix\" data-tab=\"4\" role=\"region\" aria-labelledby=\"elementor-tab-title-3934\"><p>O portador de neoplasia maligna tem direito \u00e0 aquisi\u00e7\u00e3o e uso de ve\u00edculos adaptados com isen\u00e7\u00e3o de impostos desde que cumpra as exig\u00eancias legais. \u00c9 poss\u00edvel requerer isen\u00e7\u00e3o de IPI, ICMS, IPVA E IOF.<\/p><p>\u00a0<\/p><h2><strong>Isen\u00e7\u00e3o de IPI na compra de ve\u00edculos adaptados<\/strong><\/h2><p><strong>O que \u00e9 o IPI?<\/strong><\/p><p>\u00c9 um imposto federal que incide sobre produtos industrializados nacionais e estrangeiros e assim incide sobre a fabrica\u00e7\u00e3o de ve\u00edculos automotores.<\/p><p><strong>O paciente com c\u00e2ncer pode solicitar a isen\u00e7\u00e3o de IPI na compra de ve\u00edculos?<\/strong><\/p><p>Sim. O paciente com c\u00e2ncer pode solicitar isen\u00e7\u00e3o de Imposto sobre Produtos Industrializados &#8211; IPI para aquisi\u00e7\u00e3o de ve\u00edculos quando apresenta defici\u00eancia f\u00edsica nos membros superiores ou inferiores, que o impe\u00e7a de dirigir ve\u00edculos comuns.<\/p><p><strong>Quais ve\u00edculos podem ser adquiridos dessa forma?<\/strong><\/p><p>Podem ser adquiridos com isen\u00e7\u00e3o de IPI os autom\u00f3veis de passageiros ou ve\u00edculos de uso misto de fabrica\u00e7\u00e3o nacional, movidos a combust\u00edvel de origem renov\u00e1vel. O ve\u00edculo precisa apresentar caracter\u00edsticas especiais, originais ou resultantes de adapta\u00e7\u00e3o, que permitam sua adequada utiliza\u00e7\u00e3o por portadores de defici\u00eancia f\u00edsica. Essas caracter\u00edsticas incluem o c\u00e2mbio autom\u00e1tico ou hidram\u00e1tico (acionado por sistema hidr\u00e1ulico) e a dire\u00e7\u00e3o hidr\u00e1ulica.<\/p><p><strong>Apenas o pr\u00f3prio benefici\u00e1rio pode dirigir o ve\u00edculo adquirido com isen\u00e7\u00e3o de IPI?<\/strong><\/p><p>A partir de 2003, o benef\u00edcio foi ampliado para pessoas com defici\u00eancia que n\u00e3o s\u00e3o condutoras, podendo adquirir o ve\u00edculo por meio de seu representante legal. At\u00e9 tr\u00eas motoristas podem ser autorizados a dirigir o ve\u00edculo adquirido nessas condi\u00e7\u00f5es.<\/p><p><strong>Como solicitar o benef\u00edcio?<\/strong><\/p><p>O paciente dever\u00e1 apresentar requerimento de isen\u00e7\u00e3o de IPI ao Delegado da Delegacia da Receita Federal (DRF) ou ao Delegado da Delegacia da Receita Federal de Administra\u00e7\u00e3o Tribut\u00e1ria (Derat), munido dos seguintes documentos:<\/p><ul><li>C\u00f3pia da carteira de identidade \u2013 RG e da carteira nacional de habilita\u00e7\u00e3o \u2013 CNH do requerente e\/ou dos motoristas autorizados;<\/li><li>Laudo de Avalia\u00e7\u00e3o emitido por prestador de servi\u00e7o p\u00fablico de sa\u00fade ou conveniado do Sistema \u00danico de Sa\u00fade (SUS);<\/li><li>Declara\u00e7\u00e3o de Disponibilidade Financeira ou Patrimonial, compat\u00edvel com o valor do ve\u00edculo a ser adquirido;<\/li><li>Formul\u00e1rio de identifica\u00e7\u00e3o de outros condutores, se for o caso;<\/li><li>Declara\u00e7\u00e3o de credenciamento junto ao departamento de tr\u00e2nsito, emitido pelo servi\u00e7o de sa\u00fade emissor do laudo ou declara\u00e7\u00e3o do servi\u00e7o m\u00e9dico privado integrante do SUS, se for o caso;<\/li><li>Declara\u00e7\u00e3o de Regularidade de Situa\u00e7\u00e3o do Contribuinte Individual. Se o interessado estiver isento da contribui\u00e7\u00e3o previdenci\u00e1ria (INSS), dever\u00e1 apresentar declara\u00e7\u00e3o, sob as penas da lei, atestando essa condi\u00e7\u00e3o.<\/li><li>Modelos dos formul\u00e1rios podem ser encontrados no link:\u00a0<a href=\"http:\/\/amucc.org.br\/?opcao=direitos\">http:\/\/amucc.org.br\/?opcao=direitos<\/a><\/li><\/ul><p><strong>Concedida a autoriza\u00e7\u00e3o, qual o prazo para adquirir o ve\u00edculo com isen\u00e7\u00e3o do IPI?<\/strong><\/p><p>S\u00e3o 180 dias, contados a partir da emiss\u00e3o da carta de autoriza\u00e7\u00e3o. Passado esse prazo, ser\u00e1 necess\u00e1rio que o interessado formule um novo pedido.<\/p><p><strong>Qual \u00e9 a periodicidade m\u00ednima para aquisi\u00e7\u00e3o de um novo ve\u00edculo com o benef\u00edcio?<\/strong><\/p><p>A isen\u00e7\u00e3o s\u00f3 poder\u00e1 ser usufru\u00edda uma vez a cada dois anos, sem limite para o n\u00famero de aquisi\u00e7\u00f5es. Somente com autoriza\u00e7\u00e3o do Delegado da Receita Federal, o paciente poder\u00e1 trocar seu ve\u00edculo em menos de dois anos. O imposto s\u00f3 n\u00e3o ser\u00e1 devido se o ve\u00edculo for vendido a outra pessoa com defici\u00eancia.<\/p><p><strong>Observa\u00e7\u00f5es<\/strong>:<\/p><ul><li>Para obten\u00e7\u00e3o do benef\u00edcio, \u00e9 necess\u00e1rio que a nota fiscal de venda do ve\u00edculo com isen\u00e7\u00e3o seja emitida em nome do benefici\u00e1rio.<\/li><li>Sendo autorizado o pedido de isen\u00e7\u00e3o, o benefici\u00e1rio dever\u00e1 encaminhar c\u00f3pia da nota fiscal do ve\u00edculo ao delegado da DRF, at\u00e9 o \u00faltimo dia do m\u00eas seguinte ao da sua emiss\u00e3o. Caso n\u00e3o adquira o ve\u00edculo, por qualquer motivo, ele dever\u00e1 encaminhar \u00e0 mesma autoridade uma c\u00f3pia das duas vias originais da carta de autoriza\u00e7\u00e3o. Isso dever\u00e1 ser feito em 30 dias, contados a partir do fim do prazo de validade da autoriza\u00e7\u00e3o. O n\u00e3o envio desses documentos pode resultar na aplica\u00e7\u00e3o de multa.<\/li><li>Para o deferimento do pedido de isen\u00e7\u00e3o do IPI, \u00e9 necess\u00e1rio que o contribuinte n\u00e3o apresente pend\u00eancias relativas \u00e0 pessoa f\u00edsica na Delegacia da Receita Federal.<\/li><li>O IPI incidir\u00e1 normalmente sobre quaisquer acess\u00f3rios opcionais que n\u00e3o constituam equipamentos originais do ve\u00edculo adaptado.<\/li><\/ul><p>Muitas concession\u00e1rias de ve\u00edculos possuem um setor especializado em oferecer aux\u00edlio ao portador, para garantir seus direitos de isen\u00e7\u00e3o. Antes de iniciar o processo de recolhimento da documenta\u00e7\u00e3o necess\u00e1ria para isen\u00e7\u00e3o de IPI, ou de qualquer outro imposto referente ao desconto na compra de ve\u00edculos adaptados, o ideal \u00e9 averiguar se a concession\u00e1ria oferece tal suporte. Al\u00e9m disso, existem empresas especializadas em oferecer aux\u00edlio ao portador, para adquirir ve\u00edculos adaptados com isen\u00e7\u00e3o dos impostos. Recomenda-se que o paciente procure se informar se na sua regi\u00e3o h\u00e1 alguma empresa que preste esse servi\u00e7o.<\/p><p>\u00a0<\/p><h2><strong>Isen\u00e7\u00e3o de ICMS para aquisi\u00e7\u00e3o de ve\u00edculos adaptados<\/strong><\/h2><p><strong>O que \u00e9 ICMS?<\/strong><\/p><p>\u00c9 Imposto sobre Opera\u00e7\u00f5es relativas \u00e0 Circula\u00e7\u00e3o de Mercadorias e Presta\u00e7\u00e3o de Servi\u00e7os de Transporte Interestadual e Intermunicipal e de Comunica\u00e7\u00e3o. \u00c9 um imposto estadual e cada unidade da federa\u00e7\u00e3o possui sua pr\u00f3pria legisla\u00e7\u00e3o para regulament\u00e1-lo.<\/p><p><strong>O paciente de c\u00e2ncer pode solicitar isen\u00e7\u00e3o de ICMS?<\/strong><\/p><p>Sim. Todo portador de c\u00e2ncer que possui algum tipo de defici\u00eancia f\u00edsica limitadora da capacidade de dirigir um ve\u00edculo comum, sem risco \u00e0 sua sa\u00fade ou \u00e0 coletividade, tem direito \u00e0 isen\u00e7\u00e3o do imposto.<\/p><p><strong>Como solicitar o benef\u00edcio?<\/strong><\/p><p>Normalmente, as concession\u00e1rias de ve\u00edculos informam se h\u00e1 isen\u00e7\u00e3o de ICMS no Estado e como obt\u00ea-la. Para se valer desse benef\u00edcio, o portador deve passar pela per\u00edcia m\u00e9dica do DETRAN. Ser\u00e1 necess\u00e1rio que o perito ateste a incapacidade do paciente de dirigir ve\u00edculo comum.<\/p><p><strong>Qual \u00e9 o prazo m\u00ednimo exigido por lei para que o paciente possa trocar de ve\u00edculo?<\/strong><\/p><p>\u00c9 de tr\u00eas anos, contados a partir da emiss\u00e3o da nota fiscal, sob pena de recolhimento integral do tributo. A troca do autom\u00f3vel s\u00f3 poder\u00e1 ocorrer antes desse prazo, se a venda for realizada para outra pessoa com defici\u00eancia ou se houver autoriza\u00e7\u00e3o do fisco estadual.<\/p><p><strong>Observa\u00e7\u00f5es<\/strong><\/p><ul><li>Para ter direito \u00e0 isen\u00e7\u00e3o do ICMS, \u00e9 preciso que o paciente j\u00e1 tenha obtido a isen\u00e7\u00e3o do Imposto sobre Produtos Industrializados (IPI), nos termos da legisla\u00e7\u00e3o federal.<\/li><li>O paciente n\u00e3o pode ter d\u00e9bitos com a Fazenda P\u00fablica Estadual ou Distrital.<\/li><li>O vendedor deve fazer constar, na nota fiscal, que a aquisi\u00e7\u00e3o do ve\u00edculo \u00e9 isenta de ICMS, nos termos da lei.<\/li><li>O paciente que adquiriu o ve\u00edculo dever\u00e1 apresentar os seguintes documentos \u00e0 reparti\u00e7\u00e3o fiscal a que estiver vinculado: c\u00f3pia autenticada da nota fiscal, at\u00e9 o 15\u00ba dia \u00fatil ap\u00f3s a data da compra; c\u00f3pia autenticada da nota fiscal da coloca\u00e7\u00e3o do acess\u00f3rio ou da adapta\u00e7\u00e3o efetuada pela oficina especializada ou pela concession\u00e1ria autorizada, caso o ve\u00edculo n\u00e3o tenha sa\u00eddo de f\u00e1brica com as caracter\u00edsticas espec\u00edficas descritas no laudo \u2013 neste caso, o prazo \u00e9 de at\u00e9 180 dias ap\u00f3s a compra.<\/li><\/ul><p>\u00a0<\/p><h2><strong>Isen\u00e7\u00e3o de IPVA para aquisi\u00e7\u00e3o de ve\u00edculos adaptados<\/strong><\/h2><p><strong>O que \u00e9 IPVA?<\/strong><\/p><p>\u00c9 o Imposto sobre a Propriedade de Ve\u00edculos Automotores. \u00c9 um imposto estadual e assim como o ICMS. Portanto, cada Estado tem sua pr\u00f3pria legisla\u00e7\u00e3o. Em Santa Catarina, a isen\u00e7\u00e3o aos pacientes com c\u00e2ncer \u00e9 garantida pela Lei Estadual n\u00ba 7.543, de 30 de dezembro de 1988.<\/p><p>A primeira etapa para usufruir desse direito \u00e9 a aquisi\u00e7\u00e3o de carro adaptado para as necessidades do paciente com c\u00e2ncer que se encontra incapacitado de dirigir ve\u00edculo comum.<\/p><p><strong>Documenta\u00e7\u00e3o necess\u00e1ria<\/strong><\/p><ul><li>Requerimento dirigido ao Secret\u00e1rio da Fazenda Estadual<\/li><li>Carteira de Identidade e CPF.<\/li><li>Carteira Nacional de Habilita\u00e7\u00e3o, com autoriza\u00e7\u00e3o para dirigir ve\u00edculos adaptados.<\/li><li>Certificado de Registro e Licenciamento do ve\u00edculo.<\/li><li>Laudo da per\u00edcia m\u00e9dica do DETRAN, com a defici\u00eancia e o tipo de carro que o paciente pode dirigir.<\/li><li>Nota fiscal com as adapta\u00e7\u00f5es realizadas no ve\u00edculo (s\u00f3 s\u00e3o aceitas modifica\u00e7\u00f5es de f\u00e1brica).<\/li><li>Declara\u00e7\u00e3o do paciente atestando n\u00e3o possuir outro ve\u00edculo com isen\u00e7\u00e3o de IPVA.<\/li><\/ul><p><strong>Como transferir a isen\u00e7\u00e3o para um novo ve\u00edculo?<\/strong><\/p><p>Caso o portador de neoplasia maligna (c\u00e2ncer) j\u00e1 tenha adquirido ve\u00edculo com isen\u00e7\u00e3o, para transferi-la para o novo ve\u00edculo, dever\u00e1 apresentar uma c\u00f3pia do comprovante de Baixa de Isen\u00e7\u00e3o do ve\u00edculo antigo. Para o carro novo ele dever\u00e1 providenciar uma c\u00f3pia de nota fiscal de compra e requerimento do Registro Nacional de Ve\u00edculos Automotores \u2013 RENAVAM, com a etiqueta da placa do ve\u00edculo.<\/p><p><strong>O portador de c\u00e2ncer pode obter restitui\u00e7\u00e3o de valores j\u00e1 pagos a t\u00edtulo de IPVA?<\/strong><\/p><p>O paciente que atender os requisitos para isen\u00e7\u00e3o do IPVA pode requerer, junto \u00e0 Secretaria Estadual da Fazenda a restitui\u00e7\u00e3o dos valores descontados nos \u00faltimos cinco anos. Para isso, ele dever\u00e1 comprovar que, durante esse per\u00edodo, preenchia os requisitos para obten\u00e7\u00e3o do benef\u00edcio.<\/p><p>\u00a0<\/p><h2><strong>Isen\u00e7\u00e3o de IOF para aquisi\u00e7\u00e3o de ve\u00edculos adaptados<\/strong><\/h2><p><strong>O que \u00e9 IOF?<\/strong><\/p><p>\u00c9 um imposto federal. O IOF incide opera\u00e7\u00f5es de cr\u00e9dito, c\u00e2mbio, seguro e sobre aquelas relativas a t\u00edtulos e valores mobili\u00e1rios. O IOF incide sobre o financiamento de um ve\u00edculo automotor.<\/p><p><strong>O portador poder\u00e1 se beneficiar de isen\u00e7\u00e3o de IOF na compra de ve\u00edculo adaptado?<\/strong><\/p><p>Sim. O paciente \u00e9 isento desse imposto federal no financiamento do autom\u00f3vel. Para usufruir de tal benef\u00edcio, ele necessita de laudo da per\u00edcia m\u00e9dica do Departamento de Tr\u00e2nsito &#8211; DETRAN de seu Estado que especifique o tipo de defici\u00eancia f\u00edsica e a necessidade e capacidade do interessado para dirigir ve\u00edculo adaptado.<\/p><p><strong>Quem autoriza a isen\u00e7\u00e3o do IOF ao paciente com c\u00e2ncer?<\/strong><\/p><p>A autoriza\u00e7\u00e3o \u00e9 dada pela Secretaria da Receita Federal, pelo Delegado da Delegacia da Receita Federal ou pelo Delegado da Delegacia da Receita Federal de Administra\u00e7\u00e3o Tribut\u00e1ria da jurisdi\u00e7\u00e3o do domic\u00edlio do paciente.<\/p><p><strong>Observa\u00e7\u00f5es<\/strong><\/p><ul><li>A documenta\u00e7\u00e3o necess\u00e1ria para a solicita\u00e7\u00e3o da isen\u00e7\u00e3o do IOF \u00e9 id\u00eantica \u00e0 exigida para a isen\u00e7\u00e3o do IPI.<\/li><li>A isen\u00e7\u00e3o do IOF s\u00f3 poder\u00e1 ser requerida uma \u00fanica vez pelo mesmo interessado.<\/li><li>A transfer\u00eancia do ve\u00edculo obtido com a isen\u00e7\u00e3o s\u00f3 poder\u00e1 ocorrer ap\u00f3s tr\u00eas anos contados da sua obten\u00e7\u00e3o, sob pena de pagamento do imposto mais encargos legais.<\/li><li>Nas compras de ve\u00edculo \u00e1 vista n\u00e3o h\u00e1 isen\u00e7\u00e3o de IOF.<\/li><\/ul><p><strong>Dica<\/strong>: Existe um cart\u00e3o de estacionamento para deficientes f\u00edsicos, para uso de vagas especiais demarcadas com o s\u00edmbolo internacional de acesso para pessoas com defici\u00eancia de mobilidade. O portador de c\u00e2ncer que for considerado deficiente f\u00edsico, pode reivindicar o cart\u00e3o que \u00e9 gratuito e fornecido nos munic\u00edpios.<\/p><\/div>\n\t\t\t\t<\/div>\n\t\t\t\t\t\t\t<div class=\"elementor-accordion-item\">\n\t\t\t\t\t<div id=\"elementor-tab-title-3935\" class=\"elementor-tab-title\" data-tab=\"5\" role=\"button\" aria-controls=\"elementor-tab-content-3935\" aria-expanded=\"false\">\n\t\t\t\t\t\t\t\t\t\t\t\t\t<span class=\"elementor-accordion-icon elementor-accordion-icon-left\" aria-hidden=\"true\">\n\t\t\t\t\t\t\t\t\t\t\t\t\t\t\t<span class=\"elementor-accordion-icon-closed\"><i class=\"fas fa-plus\"><\/i><\/span>\n\t\t\t\t\t\t\t\t<span class=\"elementor-accordion-icon-opened\"><i class=\"fas fa-minus\"><\/i><\/span>\n\t\t\t\t\t\t\t\t\t\t\t\t\t\t<\/span>\n\t\t\t\t\t\t\t\t\t\t\t\t<a class=\"elementor-accordion-title\" tabindex=\"0\">Isen\u00e7\u00e3o de IPTU<\/a>\n\t\t\t\t\t<\/div>\n\t\t\t\t\t<div id=\"elementor-tab-content-3935\" class=\"elementor-tab-content elementor-clearfix\" data-tab=\"5\" role=\"region\" aria-labelledby=\"elementor-tab-title-3935\"><p>\u00c9 um imposto cuja incid\u00eancia ocorre sobre a propriedade urbana. Tem como fato gerador a propriedade, dom\u00ednio ou posse de im\u00f3vel localizado em \u00e1rea urbana. Cada munic\u00edpio possui legisla\u00e7\u00e3o espec\u00edfica. Em Florian\u00f3polis, por exemplo, a lei concede isen\u00e7\u00e3o do IPTU para aposentados e pensionistas que recebam at\u00e9 tr\u00eas sal\u00e1rios m\u00ednimos.<\/p><p>Para saber mais, informe-se no \u00f3rg\u00e3o de atendimento ao cidad\u00e3o da Prefeitura Municipal da sua cidade.<\/p><\/div>\n\t\t\t\t<\/div>\n\t\t\t\t\t\t\t<div class=\"elementor-accordion-item\">\n\t\t\t\t\t<div id=\"elementor-tab-title-3936\" class=\"elementor-tab-title\" data-tab=\"6\" role=\"button\" aria-controls=\"elementor-tab-content-3936\" aria-expanded=\"false\">\n\t\t\t\t\t\t\t\t\t\t\t\t\t<span class=\"elementor-accordion-icon elementor-accordion-icon-left\" aria-hidden=\"true\">\n\t\t\t\t\t\t\t\t\t\t\t\t\t\t\t<span class=\"elementor-accordion-icon-closed\"><i class=\"fas fa-plus\"><\/i><\/span>\n\t\t\t\t\t\t\t\t<span class=\"elementor-accordion-icon-opened\"><i class=\"fas fa-minus\"><\/i><\/span>\n\t\t\t\t\t\t\t\t\t\t\t\t\t\t<\/span>\n\t\t\t\t\t\t\t\t\t\t\t\t<a class=\"elementor-accordion-title\" tabindex=\"0\">Isen\u00e7\u00e3o do IR na Aposentadoria<\/a>\n\t\t\t\t\t<\/div>\n\t\t\t\t\t<div id=\"elementor-tab-content-3936\" class=\"elementor-tab-content elementor-clearfix\" data-tab=\"6\" role=\"region\" aria-labelledby=\"elementor-tab-title-3936\"><h2><strong>O que \u00e9 o Imposto \u00e9 o imposto de Renda?<\/strong><\/h2><p>O imposto sobre a renda \u00e9 um imposto que incide sobre os rendimentos da pessoa f\u00edsica ou da pessoa jur\u00eddica, provenientes do trabalho assalariado e de outras atividades econ\u00f4micas, empresariais e financeira. O contribuinte \u00e9 obrigado a deduzir um percentual de sua renda para o Governo Federal. A apresenta\u00e7\u00e3o dessa declara\u00e7\u00e3o \u00e9 anual e obrigat\u00f3ria para as empresas e para todos os trabalhadores que possuem rendimento superior ao m\u00ednimo fixado pelo governo. Salvo exce\u00e7\u00f5es previstas em lei, o imposto incide, inclusive, sobre os rendimentos de aposentadoria, pens\u00e3o e reforma.<\/p><h2><strong>O paciente com c\u00e2ncer tem direito \u00e0 isen\u00e7\u00e3o de Imposto de Renda na aposentadoria?<\/strong><\/h2><p>Sim. Os pacientes com neoplasia maligna (c\u00e2ncer) est\u00e3o isentos do Imposto de Renda retido na fonte relativo aos rendimentos de aposentadoria, reforma e pens\u00e3o, inclusive as complementa\u00e7\u00f5es. Mesmo os rendimentos de aposentadoria ou pens\u00e3o recebidos acumuladamente n\u00e3o sofrem tributa\u00e7\u00e3o, permanecendo isento o doente de c\u00e2ncer que os recebeu, de acordo com o previsto na Lei n\u00ba 7.713 de 22\/12\/1988, art. 6\u00ba, XIV.<\/p><p>Esta isen\u00e7\u00e3o tamb\u00e9m alcan\u00e7a outras doen\u00e7as graves enunciadas no texto legislativo: AIDS (S\u00edndrome da Imunodefici\u00eancia Adquirida), Aliena\u00e7\u00e3o Mental, Cardiopatia Grave, Cegueira (inclusive monocular), Contamina\u00e7\u00e3o por Radia\u00e7\u00e3o, Doen\u00e7a de Paget em estados avan\u00e7ados (Oste\u00edte Deformante), Doen\u00e7a de Parkinson, Esclerose M\u00faltipla, Espondiloartrose Anquilosante, Fibrose C\u00edstica (Mucoviscidose), Hansen\u00edase, Nefropatia Grave, Hepatopatia Grave, Neoplasia Maligna, Paralisia Irrevers\u00edvel e Incapacitante e Tuberculose Ativa.<\/p><p>Aqueles que recebem benef\u00edcios de aux\u00edlio-doen\u00e7a ou aux\u00edlio-acidente tamb\u00e9m t\u00eam direito \u00e0 isen\u00e7\u00e3o do Imposto de Renda retido na fonte.<\/p><p>Um aspecto importante \u00e9 que nem todas as isen\u00e7\u00f5es s\u00e3o de car\u00e1ter definitivo. Portadores de doen\u00e7as pass\u00edveis de serem controladas precisar\u00e3o revalidar o benef\u00edcio, confirmando que o direito deve ser mantido.<\/p><h2><strong>Como solicitar o benef\u00edcio?<\/strong><\/h2><p>Para obter o direito \u00e0 isen\u00e7\u00e3o do imposto de renda, o paciente deve procurar o \u00f3rg\u00e3o que paga sua aposentadoria, pens\u00e3o ou reforma (INSS, Prefeitura, Estado, etc.) munido de requerimento (conforme formul\u00e1rio dispon\u00edvel no site da Receita Federal). A doen\u00e7a ser\u00e1 comprovada por meio de laudo pericial, que \u00e9 emitido por servi\u00e7o m\u00e9dico oficial da Uni\u00e3o, dos estados, do DF e dos munic\u00edpios.<\/p><p>Se o portador de c\u00e2ncer for idoso e enfermo poder\u00e1 solicitar atendimento domiciliar para obter o laudo comprobat\u00f3rio da doen\u00e7a.<\/p><h2><strong>Documenta\u00e7\u00e3o necess\u00e1ria<\/strong><\/h2><ul><li>Requerimento de isen\u00e7\u00e3o de Imposto de Renda.<\/li><li>Laudo pericial emitido por servi\u00e7o m\u00e9dico oficial da Uni\u00e3o, dos estados, do Distrito Federal ou dos Munic\u00edpios (de prefer\u00eancia vinculado \u00e0 pr\u00f3pria fonte pagadora), com as seguintes informa\u00e7\u00f5es:<\/li><li>diagn\u00f3stico expresso e detalhado da doen\u00e7a;<\/li><li>est\u00e1gio cl\u00ednico atual da doen\u00e7a\/paciente;<\/li><li>se poss\u00edvel, data inicial da manifesta\u00e7\u00e3o da doen\u00e7a;<\/li><li>classifica\u00e7\u00e3o Internacional de Doen\u00e7as (CID);<\/li><li>data, nome e CRM do m\u00e9dico, com a devida assinatura.<\/li><li>Exame m\u00e9dico que comprove a exist\u00eancia da doen\u00e7a (laudo anatomopatol\u00f3gico)<\/li><li>Modelo do formul\u00e1rio do Laudo Pericial pode ser encontrado no link:<\/li><\/ul><p><a href=\"http:\/\/idg.receita.fazenda.gov.br\/orientacao\/tributaria\/isencoes\/documentos\/modelo-de-laudo-pericial.pdf\/@download\/file\/modelo-de-laudo-pericial.pdf\">http:\/\/idg.receita.fazenda.gov.br\/orientacao\/tributaria\/isencoes\/documentos\/modelo-de-laudo-pericial.pdf\/@download\/file\/modelo-de-laudo-pericial.pdf<\/a>\u00a0 ou:\u00a0<a href=\"http:\/\/idg.receita.fazenda.gov.br\/orientacao\/tributaria\/isencoes\/isencao--do-irpf-para-portadores-de-molestia-grave\">http:\/\/idg.receita.fazenda.gov.br\/orientacao\/tributaria\/isencoes\/isencao&#8211;do-irpf-para-portadores-de-molestia-grave<\/a><\/p><p><strong>Observa\u00e7\u00f5es:<\/strong><\/p><ul><li>O servi\u00e7o m\u00e9dico oficial fixar\u00e1 o prazo de validade do laudo pericial, no caso de mol\u00e9stias pass\u00edveis de controle.<\/li><li>Acesse o site da Receita Federal para ter acesso ao modelo de laudo.<\/li><li>\u00c9 preciso apresentar exames que comprovem a exist\u00eancia da doen\u00e7a.<\/li><\/ul><h2><strong>O portador de c\u00e2ncer pode obter restitui\u00e7\u00e3o de valores j\u00e1 pagos ao Imposto de Renda?<\/strong><\/h2><p>Sim. O paciente que atender os requisitos para isen\u00e7\u00e3o do Imposto de Renda pode requerer, junto \u00e0 Receita Federal, a restitui\u00e7\u00e3o dos valores descontados nos \u00faltimos cinco anos.<\/p><p>Para receber a restitui\u00e7\u00e3o o paciente dever\u00e1 comprovar que, durante aquele per\u00edodo, preenchia os requisitos para obten\u00e7\u00e3o do benef\u00edcio.<\/p><\/div>\n\t\t\t\t<\/div>\n\t\t\t\t\t\t\t<div class=\"elementor-accordion-item\">\n\t\t\t\t\t<div id=\"elementor-tab-title-3937\" class=\"elementor-tab-title\" data-tab=\"7\" role=\"button\" aria-controls=\"elementor-tab-content-3937\" aria-expanded=\"false\">\n\t\t\t\t\t\t\t\t\t\t\t\t\t<span class=\"elementor-accordion-icon elementor-accordion-icon-left\" aria-hidden=\"true\">\n\t\t\t\t\t\t\t\t\t\t\t\t\t\t\t<span class=\"elementor-accordion-icon-closed\"><i class=\"fas fa-plus\"><\/i><\/span>\n\t\t\t\t\t\t\t\t<span class=\"elementor-accordion-icon-opened\"><i class=\"fas fa-minus\"><\/i><\/span>\n\t\t\t\t\t\t\t\t\t\t\t\t\t\t<\/span>\n\t\t\t\t\t\t\t\t\t\t\t\t<a class=\"elementor-accordion-title\" tabindex=\"0\">Passe Livre<\/a>\n\t\t\t\t\t<\/div>\n\t\t\t\t\t<div id=\"elementor-tab-content-3937\" class=\"elementor-tab-content elementor-clearfix\" data-tab=\"7\" role=\"region\" aria-labelledby=\"elementor-tab-title-3937\"><p>O Passe Livre garante a pessoas com defici\u00eancia e comprovadamente carentes o acesso gratuito ao transporte coletivo.<\/p><p>\u00a0<\/p><h2><strong>Passe Livre Municipal (deslocamentos dentro de uma mesma cidade)<\/strong><\/h2><p>O Passe Livre, direito de locomover-se gratuitamente nos transportes p\u00fablicos municipais \u00e9 sempre decorrente de lei municipal.<\/p><p>Trata-se de um benef\u00edcio coletivo e gratuito nas linhas regulares e convencionais assegurado a pessoas com defici\u00eancia f\u00edsica, visual, auditiva e mental. Ter\u00e1 direito o portador de c\u00e2ncer que apresente, em fun\u00e7\u00e3o da doen\u00e7a, alguma incapacidade que limite seus movimentos para locomo\u00e7\u00e3o.<\/p><p><strong>Como \u00e9 obtido o Passe Livre?<\/strong><\/p><p>Para obter esse benef\u00edcio o portador de c\u00e2ncer deve se dirigir ao \u00f3rg\u00e3o municipal respons\u00e1vel pelo fornecimento do passe livre. O fornecimento depende da exist\u00eancia de lei municipal que autorize.<\/p><p>Em v\u00e1rias cidades brasileiras o Passe Livre j\u00e1 \u00e9 um direito assegurado legalmente. Consulte a Secretaria de Transportes ou Mobilidade urbana do munic\u00edpio para certificar-se da exist\u00eancia de lei local e obter a lista dos documentos necess\u00e1rios para formular o pedido.<\/p><p><strong>Documenta\u00e7\u00e3o m\u00ednima necess\u00e1ria<\/strong><\/p><ul><li>atestado m\u00e9dico.<\/li><li>c\u00f3pia de documento de identidade e CPF.<\/li><li>comprovante de resid\u00eancia.<\/li><\/ul><p>\u00a0<\/p><h2><strong>Passe Livre Intermunicipal\u00a0(deslocamentos entre cidades de um mesmo estado)<\/strong><\/h2><p>O Passe Livre Intermunicipal \u00e9 emitido, via de regra, para para pessoas com defici\u00eancia e com renda familiar de at\u00e9 um sal\u00e1rio m\u00ednimo. O passe permite ao portador do mesmo transitar sem custos nos \u00f4nibus intermu\u00acnicipais do Estado.<\/p><p>A concess\u00e3o de passe Livre Intermunicipal depende de legisla\u00e7\u00e3o espe-c\u00edfica que a conceda para o territ\u00f3rio Estadual. Estados como Santa Catarina, Paran\u00e1, Rio Grande do Sul e Goi\u00e1s j\u00e1 possuem legisla\u00e7\u00e3o nesse sentido.<\/p><p>Consulte o \u00f3rg\u00e3o de transportes do seu Estado para conhecer as regras. As via\u00e7\u00f5es t\u00eam obriga\u00e7\u00e3o, de deixar duas poltronas gratuitas reserva\u00acdas nos \u00f4nibus de categorias convencionais. Isso vale para os transporte para deficientes e gratuidade para idosos.<\/p><p><strong>Dica<\/strong>: Os \u00f4nibus, somente convencionais, disponibilizam apenas duas poltronas gratuitas para passe livre, incluindo os idosos. Essas vagas s\u00e3o muito procuradas. \u00c9 recomendado o planejamento da viagem e a compra das passagens alguns dias antes.<\/p><p>\u00a0<\/p><h2><strong>Passe Livre Interestadual\u00a0(deslocamentos entre cidades de estados diferentes)<\/strong><\/h2><p>O passe livre interestadual \u00e9 um programa criado para atender ao Portador de Necessidades Especiais carente e \u00e9 oferecido pelo Governo Federal aos portadores de defici\u00eancia f\u00edsica, auditiva, visual, renal cr\u00f4nica e ostomizados. Esse vale tanto para transporte convencional de \u00f4nibus, quanto para trem ou barco.<\/p><p>Pessoa Portadora de Defici\u00eancia comprovadamente carente \u00e9 considerada aquela que comprove renda familiar mensal \u201cper capita\u201d igual ou inferior a um sal\u00e1rio m\u00ednimo estipulado pelo Governo Federal. Para calcular, some os valores dos ganhos de quem recebe dinheiro em casa (incluindo pens\u00f5es, aposentadorias ) e divida o resultado pelo n\u00famero total de pessoas, incluindo as crian\u00e7as. Se o resultado for igual ou abaixo de um sal\u00e1rio m\u00ednimo, a pessoa ser\u00e1 considerada carente.<\/p><p>A pessoa que se enquadra nos requisitos anteriormente previstos deve preencher os formul\u00e1rios e o Atestado de Equipe Multiprofissional do SUS, e envi\u00e1-los, por internet ou por carta, ao seguinte endere\u00e7o:<\/p><p>Minist\u00e9rio dos Transportes<\/p><p>Caixa Postal 9.800 \u2013 Bras\u00edlia \u2013 DF \u2013 CEP 70001-970<\/p><p>Os formul\u00e1rios tamb\u00e9m podem ser solicitados, via correio, ao Minist\u00e9rio dos Transportes. Basta enviar uma carta ao endere\u00e7o citado, pedindo o \u201cKit Passe Livre\u201d. Al\u00e9m dos formul\u00e1rios mencionados, \u00e9 preciso apresentar c\u00f3pia simples de um documento de identifica\u00e7\u00e3o pessoal (certid\u00e3o de nascimento, certid\u00e3o de casamento, certid\u00e3o de reservista, RG, carteira de trabalho ou t\u00edtulo de eleitor). O interessado pode ainda entrar em contato com o Minist\u00e9rio dos Transportes, pelo e-mail\u00a0<a href=\"mailto:passelivre@transporte.gov.br.\">passelivre@transporte.gov.br.<\/a><\/p><p>Somente o Portador de Necessidades Especiais ou seu respons\u00e1vel legal, poder\u00e3o solicitar a inclus\u00e3o de acompanhante no processo comprovando que a necessidade do acompanhante \u00e9 indispens\u00e1vel para a locomo\u00e7\u00e3o da pessoa com defici\u00eancia.<\/p><p>Lembre-se o Passe Livre pode ser solicitado:<\/p><p>1. MANUALMENTE, quando voc\u00ea preenche \u00e0 m\u00e3o os formul\u00e1rios, anexa os documentos e envia tudo pelos Correios;<\/p><p>2. PELA INTERNET, onde voc\u00ea preenche os formul\u00e1rios eletr\u00f4nicos, anexa a sua documenta\u00e7\u00e3o e envia pelo pr\u00f3prio sistema.<\/p><p>Outras informa\u00e7\u00f5es:\u00a0<a href=\"http:\/\/portal.transportes.gov.br\/passelivre\/passe-livre\/?como-pedir\">http:\/\/portal.transportes.gov.br\/passelivre\/passe-livre\/?como-pedir<\/a>\u00a0<\/p><\/div>\n\t\t\t\t<\/div>\n\t\t\t\t\t\t\t<div class=\"elementor-accordion-item\">\n\t\t\t\t\t<div id=\"elementor-tab-title-3938\" class=\"elementor-tab-title\" data-tab=\"8\" role=\"button\" aria-controls=\"elementor-tab-content-3938\" aria-expanded=\"false\">\n\t\t\t\t\t\t\t\t\t\t\t\t\t<span class=\"elementor-accordion-icon elementor-accordion-icon-left\" aria-hidden=\"true\">\n\t\t\t\t\t\t\t\t\t\t\t\t\t\t\t<span class=\"elementor-accordion-icon-closed\"><i class=\"fas fa-plus\"><\/i><\/span>\n\t\t\t\t\t\t\t\t<span class=\"elementor-accordion-icon-opened\"><i class=\"fas fa-minus\"><\/i><\/span>\n\t\t\t\t\t\t\t\t\t\t\t\t\t\t<\/span>\n\t\t\t\t\t\t\t\t\t\t\t\t<a class=\"elementor-accordion-title\" tabindex=\"0\">Quita\u00e7\u00e3o do Financiamento da Casa Pr\u00f3pria<\/a>\n\t\t\t\t\t<\/div>\n\t\t\t\t\t<div id=\"elementor-tab-content-3938\" class=\"elementor-tab-content elementor-clearfix\" data-tab=\"8\" role=\"region\" aria-labelledby=\"elementor-tab-title-3938\"><p>\u00c9 poss\u00edvel a quita\u00e7\u00e3o do financiamento imobili\u00e1rio pelo Sistema Financeiro de Habita\u00e7\u00e3o (SFH), considerando que o adquirente ao realizar o financiamento contrata um seguro obrigat\u00f3rio que garante a quita\u00e7\u00e3o do valor correspondente ao saldo devedor do financiamento, em caso de invalidez ou morte.<\/p><h2><strong>Quando o paciente com c\u00e2ncer pode solicitar a quita\u00e7\u00e3o do financiamento?<\/strong><\/h2><p>Quando o c\u00e2ncer causar invalidez total e permanente e foi adquirido ap\u00f3s a assinatura do contrato de compra do im\u00f3vel.<\/p><h2><strong>Como a condi\u00e7\u00e3o de invalidez \u00e9 comprovada?<\/strong><\/h2><p>Por meio de laudos, exames complementares e per\u00edcia m\u00e9dica. Na aposentadoria por invalidez a pr\u00f3pria carta de concess\u00e3o da aposentadoria serve como prova, para efeito de quita\u00e7\u00e3o do financiamento.<\/p><h2><strong>Qual valor pode ser quitado?<\/strong><\/h2><p>O valor da quita\u00e7\u00e3o do financiamento \u00e9 proporcional \u00e0 participa\u00e7\u00e3o da pessoa que falecer ou for declarada inv\u00e1lida, no contrato de financiamento.<\/p><p>Ou seja, se ela \u00e9 respons\u00e1vel pelo financiamento com 100% de sua renda, o saldo devedor ser\u00e1 totalmente quitado. Por\u00e9m, se o paciente colaborou com parte de sua renda, a quita\u00e7\u00e3o ser\u00e1 proporcional a sua participa\u00e7\u00e3o no contrato.<\/p><p>O prazo para requerer a quita\u00e7\u00e3o do financiamento ap\u00f3s o evento morte ou concess\u00e3o da aposentadoria por invalidez est\u00e1 estipulado no contrato e deve ser observado.<\/p><h2><strong>Documenta\u00e7\u00e3o necess\u00e1ria<\/strong><\/h2><p>A documenta\u00e7\u00e3o para dar entrada no pedido de quita\u00e7\u00e3o do im\u00f3vel financiado depende da seguradora que possui procedimento pr\u00f3prio e rela\u00e7\u00e3o de documentos espec\u00edfica. O portador ou seu representante deve dirigir-se ao local onde contratou o financiamento e se informar sobre como dar entrada no pedido de quita\u00e7\u00e3o do saldo devedor. A entidade que financiou o im\u00f3vel deve encaminhar os documentos necess\u00e1rios \u00e0 seguradora.<\/p><p><strong>Observa\u00e7\u00e3o:\u00a0<\/strong>O portador ou seu representante legal deve primeiramente se informar e verificar se existe cl\u00e1usula, no contrato de financiamento, prevendo a possibilidade de quita\u00e7\u00e3o do saldo devedor nos casos de morte ou invalidez permanente.<\/p><\/div>\n\t\t\t\t<\/div>\n\t\t\t\t\t\t\t<div class=\"elementor-accordion-item\">\n\t\t\t\t\t<div id=\"elementor-tab-title-3939\" class=\"elementor-tab-title\" data-tab=\"9\" role=\"button\" aria-controls=\"elementor-tab-content-3939\" aria-expanded=\"false\">\n\t\t\t\t\t\t\t\t\t\t\t\t\t<span class=\"elementor-accordion-icon elementor-accordion-icon-left\" aria-hidden=\"true\">\n\t\t\t\t\t\t\t\t\t\t\t\t\t\t\t<span class=\"elementor-accordion-icon-closed\"><i class=\"fas fa-plus\"><\/i><\/span>\n\t\t\t\t\t\t\t\t<span class=\"elementor-accordion-icon-opened\"><i class=\"fas fa-minus\"><\/i><\/span>\n\t\t\t\t\t\t\t\t\t\t\t\t\t\t<\/span>\n\t\t\t\t\t\t\t\t\t\t\t\t<a class=\"elementor-accordion-title\" tabindex=\"0\">Amparo Assistencial ao Idoso e ao Deficiente<\/a>\n\t\t\t\t\t<\/div>\n\t\t\t\t\t<div id=\"elementor-tab-content-3939\" class=\"elementor-tab-content elementor-clearfix\" data-tab=\"9\" role=\"region\" aria-labelledby=\"elementor-tab-title-3939\"><p>Alguns direitos garantidos pelo Estatuto do Idoso:<\/p><p>\u00a0<\/p><h2><strong>Prioridade no atendimento<\/strong><\/h2><p>O Estatuto do Idoso, Lei n\u00ba 10.741, de 1\u00ba de outubro de 2003, art. 3\u00ba, garante ao idoso, com absoluta prioridade, o atendimento preferencial imediato e individualizado junto aos \u00f3rg\u00e3os p\u00fablicos e privados prestadores de servi\u00e7os \u00e0 popula\u00e7\u00e3o e a garantia de acesso \u00e0 rede de servi\u00e7os de sa\u00fade e de assist\u00eancia social locais.<\/p><p>Para o atendimento priorit\u00e1rio ser\u00e1 garantido ao idoso o f\u00e1cil acesso aos assentos e caixas, identificados com a destina\u00e7\u00e3o a idosos em local vis\u00edvel e caracteres leg\u00edveis.<\/p><p>\u00a0<\/p><h2><strong>Atendimento domiciliar<\/strong><\/h2><p>O artigo 15, assegura aten\u00e7\u00e3o integral a sa\u00fade do idoso e garante o atendimento domiciliar, incluindo a interna\u00e7\u00e3o, para a popula\u00e7\u00e3o que dela necessitar e esteja impossibilitada de se locomover.<\/p><p>A Lei n\u00ba 12.896, de 18\/12\/2013, acrescentou os par\u00e1grafos 5\u00ba e 6\u00ba ao art. 15 do Estatuto do Idoso vedando a exig\u00eancia de comparecimento do idoso enfermo aos \u00f3rg\u00e3os p\u00fablicos e assegurando-lhe o atendimento domiciliar.<\/p><p>Segundo o par\u00e1grafo 5\u00ba \u00e9 vedado exigir o comparecimento do idoso enfermo perante os \u00f3rg\u00e3os p\u00fablicos, hip\u00f3tese na qual ser\u00e1 admitido o seguinte procedimento:<\/p><p>I &#8211; quando de interesse do poder p\u00fablico, o agente promover\u00e1 o contato necess\u00e1rio com o idoso em sua resid\u00eancia; ou<\/p><p>II &#8211; quando de interesse do pr\u00f3prio idoso, este se far\u00e1 representar por procurador legalmente constitu\u00eddo.<\/p><p>Conforme o par\u00e1grafo 6\u00ba, o idoso enfermo tem direito a o atendimento domiciliar pela per\u00edcia m\u00e9dica do Instituto Nacional do Seguro Social &#8211; INSS, pelo servi\u00e7o p\u00fablico de sa\u00fade ou pelo servi\u00e7o privado de sa\u00fade, contratado ou conveniado, que integre o Sistema \u00danico de Sa\u00fade &#8211; SUS, para expedi\u00e7\u00e3o do laudo de sa\u00fade necess\u00e1rio ao exerc\u00edcio de seus direitos sociais e de isen\u00e7\u00e3o tribut\u00e1ria.<\/p><p>Portanto, o portador de c\u00e2ncer que tiver mais de 60 anos pode usufruir dos direitos conferidos pelo Estatuto do Idoso e n\u00e3o precisa deslocar-se at\u00e9 os \u00f3rg\u00e3os p\u00fablicos e, se enfermo, pode solicitar atendimento domiciliar.<\/p><p>O atendimento domiciliar \u00e9 um benef\u00edcio relevante para o portador de c\u00e2ncer idoso que muitas vezes tem dificuldade de locomo\u00e7\u00e3o para recorrer aos \u00f3rg\u00e3os em busca de direitos.<\/p><p>\u00a0<\/p><h2><strong>Restitui\u00e7\u00e3o do Imposto de Renda<\/strong><\/h2><p>A Lei n\u00ba 11.765 de 5\/8\/2008 confere prioridade ao idoso no recebimento da restitui\u00e7\u00e3o do Imposto de Renda, portanto se o paciente de c\u00e2ncer tiver mais de 60 anos poder\u00e1 usufruir do benef\u00edcio.<\/p><p>\u00a0<\/p><h2><strong>Andamento Judicial Priorit\u00e1rio<\/strong><\/h2><p>\u00c9 assegurada pelo Estatuto do Idoso a prioridade na tramita\u00e7\u00e3o dos processos e procedimentos e na execu\u00e7\u00e3o dos atos e dilig\u00eancias judiciais em que figure como parte ou interveniente pessoa com idade igual ou superior a 60 (sessenta) anos, em qualquer inst\u00e2ncia.<\/p><p>A prioridade, uma vez concedida, n\u00e3o cessar\u00e1 com a morte do beneficiado, estendendo-se em favor do c\u00f4njuge sup\u00e9rstite, companheiro ou companheira, com uni\u00e3o est\u00e1vel, desde que maior de 60 (sessenta) anos.<\/p><p>A prioridade se estende aos processos e procedimentos na Administra\u00e7\u00e3o P\u00fablica, empresas prestadoras de servi\u00e7os p\u00fablicos e institui\u00e7\u00f5es financeiras, ao atendimento preferencial junto \u00e0 Defensoria P\u00fablica da Uni\u00e3o, dos Estados e do Distrito Federal em rela\u00e7\u00e3o aos Servi\u00e7os de Assist\u00eancia Judici\u00e1ria.<\/p><p>O novo C\u00f3digo de Processo Civil, Lei n\u00ba 13.105 de 16\/03\/2015, ampliou o direito \u00e0 prioridade determinando ao art. 1048 que ter\u00e3o prioridade de tramita\u00e7\u00e3o em qualquer ju\u00edzo ou tribunal os procedimentos judiciais onde figure como parte ou interessado pessoa com idade igual ou superior a sessenta anos ou portadora de doen\u00e7a grave, assim compreendida qualquer das enumeradas no art. 6.\u00ba, inciso XIV, da Lei n.\u00ba 7.713, de 22 de dezembro de 1988.<\/p><p>Para os portadores de c\u00e2ncer muitos deles idosos ou gravemente doentes a determina\u00e7\u00e3o legal tem significativa import\u00e2ncia para dar maior celeridade \u00e0s a\u00e7\u00f5es judiciais e administrativas e atinge as mais variadas situa\u00e7\u00f5es onde os pacientes postulam ou requerem direitos.<\/p><p><strong>Quem pode ser benefici\u00e1rio?<\/strong><\/p><p>A norma beneficia todas as a\u00e7\u00f5es que s\u00e3o disciplinadas pelo Direito Processual Civil que envolvam interesses de pessoas idosas, assim consideradas as que tenham idade igual ou superior a 60 anos, homem ou mulher e de pessoas portadoras de portadores de mol\u00e9stia profissional, tuberculose ativa, aliena\u00e7\u00e3o mental, esclerose m\u00faltipla, neoplasia maligna, cegueira, hansen\u00edase, paralisia irrevers\u00edvel e incapacitante, cardiopatia grave, doen\u00e7a de Parkinson, espondiloartrose anquilosante, nefropatia grave, hepatopatia grave, estados avan\u00e7ados da doen\u00e7a de Paget (oste\u00edte deformante), contamina\u00e7\u00e3o por radia\u00e7\u00e3o, s\u00edndrome da imunodefici\u00eancia adquirida, com base em conclus\u00e3o da medicina especializada.<\/p><p><strong>Como solicitar o benef\u00edcio?<\/strong><\/p><p>A pessoa interessada na obten\u00e7\u00e3o do benef\u00edcio, juntando prova de sua condi\u00e7\u00e3o, dever\u00e1 requer\u00ea-lo \u00e0 autoridade judici\u00e1ria competente para decidir o feito, anexando prova de sua condi\u00e7\u00e3o. A autoridade requerida determinar\u00e1 ao cart\u00f3rio do ju\u00edzo as provid\u00eancias a serem cumpridas<\/p><p>O interessado deve fazer prova de sua idade ou da neoplasia e requerer\u00e1 o benef\u00edcio \u00e0 autoridade judici\u00e1ria competente para decidir o feito, que determinar\u00e1 as provid\u00eancias a serem cumpridas, anotando-se essa circunst\u00e2ncia em local vis\u00edvel nos autos do processo.<\/p><p>Os autos receber\u00e3o identifica\u00e7\u00e3o pr\u00f3pria que evidencie o regime de tramita\u00e7\u00e3o priorit\u00e1ria. A tramita\u00e7\u00e3o priorit\u00e1ria independe de deferimento pelo \u00f3rg\u00e3o jurisdicional e dever\u00e1 ser imediatamente concedida diante da prova da condi\u00e7\u00e3o de benefici\u00e1rio.<\/p><p>\u00a0<\/p><h2><strong>Direitos Garantidos pela Lei Org\u00e2nica de Assist\u00eancia Social \u2013 LOAS<\/strong><\/h2><p>De acordo com a Lei Org\u00e2nica de Assist\u00eancia Social &#8211; LOAS (Lei 8.742\/93) o amparo assistencial ao idoso ou deficiente \u00e9 o benef\u00edcio que garante um sal\u00e1rio m\u00ednimo mensal para:<\/p><ul><li>idosos com 65 anos de idade ou mais, que n\u00e3o exer\u00e7am atividade remunerada;<\/li><li>portadores de defici\u00eancia incapacitados para o trabalho e para uma vida independente.<\/li><\/ul><p>O portador de c\u00e2ncer que atender o requisito de idade ou de defici\u00eancia ter\u00e1 direito ao benef\u00edcio desde que n\u00e3o exer\u00e7a atividade remunerada ou receba outro benef\u00edcio.<\/p><p>Para obter o benef\u00edcio, outro requisito fundamental \u00e9 que a renda familiar per capita seja inferior a um quarto do sal\u00e1rio m\u00ednimo. \u00c9 preciso comprovar a impossibilidade de garantir seu sustento e que sua fam\u00edlia tamb\u00e9m n\u00e3o tem essa condi\u00e7\u00e3o, bem como que o portador de c\u00e2ncer idoso ou deficiente n\u00e3o est\u00e1 vinculado a nenhum regime de previd\u00eancia social.<\/p><p>\u00c9 necess\u00e1rio fazer um c\u00e1lculo para verificar se o interessado cumpre os requisitos para ser benefici\u00e1rio do amparo assistencial.<\/p><p>O c\u00e1lculo considera o n\u00famero de pessoas que vivem no mesmo domic\u00edlio: o c\u00f4njuge, o(a) companheiro(a), os pais, os filhos e irm\u00e3os n\u00e3o emancipados de qualquer condi\u00e7\u00e3o, menores de 21 anos ou inv\u00e1lidos.<\/p><p>RENDA FAMILIAR \u00f7 N\u00ba FAMILIARES NO DOMIC\u00cdLIO \u2264 1\/4 SAL\u00c1RIO M\u00cdNIMO<\/p><p><strong>Como solicitar o benef\u00edcio?<\/strong><\/p><p>O doente precisa fazer exame m\u00e9dico pericial no INSS e conseguir o Laudo M\u00e9dico que comprove sua defici\u00eancia.<\/p><p>Tamb\u00e9m deve encaminhar um requerimento \u00e0 Ag\u00eancia da Previd\u00eancia Social apresentando os seguintes documentos originais do titular e de todo o grupo familiar:<\/p><ul><li>Formul\u00e1rio de Requerimento de Benef\u00edcio Assistencial;<\/li><li>Declara\u00e7\u00e3o sobre a Composi\u00e7\u00e3o do Grupo e da Renda Familiar do Idoso e da Pessoa Portadora de Defici\u00eancia;<\/li><li>N\u00famero de Identifica\u00e7\u00e3o do Trabalhador \u2013 NIT (PIS\/PASEP) ou n\u00famero de inscri\u00e7\u00e3o do Contribuinte Individual\/Dom\u00e9stico\/Facultativo\/Trabalhador Rural, se possuir;<\/li><li>RG ou Carteira de Trabalho;<\/li><li>CPF \u2013 Cadastro Pessoa F\u00edsica;<\/li><li>Certid\u00e3o de nascimento ou casamento;<\/li><li>Certid\u00e3o de \u00f3bito do(a) esposo(a) falecido(a), se o benefici\u00e1rio for vi\u00favo(a);<\/li><li>Comprovante de rendimentos dos membros do grupo familiar;<\/li><li>Tutela, no caso de menores de 21 anos, filhos de pais falecidos ou desaparecidos.<\/li><\/ul><p>Se o requerimento for feito por meio de um procurador ou representante legal, \u00e9 necess\u00e1rio apresentar procura\u00e7\u00e3o ou documento que comprove a representa\u00e7\u00e3o acompanhada do CPF e RG do mesmo.<\/p><\/div>\n\t\t\t\t<\/div>\n\t\t\t\t\t\t\t<div class=\"elementor-accordion-item\">\n\t\t\t\t\t<div id=\"elementor-tab-title-39310\" class=\"elementor-tab-title\" data-tab=\"10\" role=\"button\" aria-controls=\"elementor-tab-content-39310\" aria-expanded=\"false\">\n\t\t\t\t\t\t\t\t\t\t\t\t\t<span class=\"elementor-accordion-icon elementor-accordion-icon-left\" aria-hidden=\"true\">\n\t\t\t\t\t\t\t\t\t\t\t\t\t\t\t<span class=\"elementor-accordion-icon-closed\"><i class=\"fas fa-plus\"><\/i><\/span>\n\t\t\t\t\t\t\t\t<span class=\"elementor-accordion-icon-opened\"><i class=\"fas fa-minus\"><\/i><\/span>\n\t\t\t\t\t\t\t\t\t\t\t\t\t\t<\/span>\n\t\t\t\t\t\t\t\t\t\t\t\t<a class=\"elementor-accordion-title\" tabindex=\"0\">Saque do FGTS<\/a>\n\t\t\t\t\t<\/div>\n\t\t\t\t\t<div id=\"elementor-tab-content-39310\" class=\"elementor-tab-content elementor-clearfix\" data-tab=\"10\" role=\"region\" aria-labelledby=\"elementor-tab-title-39310\"><h2><strong>O trabalhador com c\u00e2ncer pode sacar o FGTS?<\/strong><\/h2><p>O FGTS pode ser retirado pelo trabalhador que tiver neoplasia maligna (c\u00e2ncer), AIDS ou que esteja em est\u00e1gio terminal de outras doen\u00e7as. Tamb\u00e9m pode ser sacado pelo titular da conta que possuir dependentes \u2013 esposo(a), companheiro(a), pais, sogros, filho e irm\u00e3o menor de 21 anos ou inv\u00e1lido \u2013 portadores daquelas doen\u00e7as. O paciente deve levar os documentos exigidos a uma ag\u00eancia da Caixa Econ\u00f4mica Federal &#8211; CEF e dar entrada na solicita\u00e7\u00e3o de saque.<\/p><h2><strong>Documenta\u00e7\u00e3o necess\u00e1ria<\/strong><\/h2><ul><li>Carteira de Trabalho \u2013 exceto quando se tratar de diretor n\u00e3o empregado ou em caso de apresenta\u00e7\u00e3o de outro documento que comprove o v\u00ednculo empregat\u00edcio.<\/li><li>Documento de identifica\u00e7\u00e3o do trabalhador ou diretor n\u00e3o empregado.<\/li><li>Cart\u00e3o Cidad\u00e3o ou n\u00famero de inscri\u00e7\u00e3o no PIS\/PASEP \u2013 ou ainda Inscri\u00e7\u00e3o de Contribuinte Individual junto ao INSS, para o dom\u00e9stico n\u00e3o cadastrado no PIS\/PASEP.<\/li><li>Atestado m\u00e9dico v\u00e1lido por 30 dias, com as seguintes informa\u00e7\u00f5es:<ul><li>diagn\u00f3stico expresso da doen\u00e7a;<\/li><li>est\u00e1gio cl\u00ednico atual da doen\u00e7a\/paciente;<\/li><li>c\u00f3digo da Classifica\u00e7\u00e3o Internacional de Doen\u00e7as (CID);<\/li><li>data, nome, carimbo e CRM do m\u00e9dico, com a devida assinatura;<\/li><li>c\u00f3pia do laudo do exame histopatol\u00f3gico ou anatomopatol\u00f3gico que serviu de base para a elabora\u00e7\u00e3o do atestado m\u00e9dico.<\/li><li>comprovante de depend\u00eancia, no caso de saque para o dependente do titular da conta acometido por neoplasia maligna (c\u00e2ncer).<\/li><\/ul><\/li><li>Atestado de \u00f3bito do dependente, caso tenha falecido em fun\u00e7\u00e3o da mol\u00e9stia.<\/li><li>O saque pode ser efetuado mais de uma vez?<\/li><\/ul><p>Sim. Persistindo a doen\u00e7a, o saque pode ser efetuado sempre que houver saldo, independentemente do valor.<\/p><p>\u00c9 preciso apresentar as mesmas documenta\u00e7\u00f5es e, se o saque foi concedido por via judicial, deve-se, tamb\u00e9m, apresentar c\u00f3pia da decis\u00e3o judicial.<\/p><p>\u00a0<\/p><h2><strong>O que fazer se o pedido de saque do FGTS for negado?<\/strong><\/h2><p>\u00c9 necess\u00e1rio recorrer \u00e0 Justi\u00e7a Federal e apresentar os documentos citados, uma c\u00f3pia do extrato com o saldo existente na conta do FGTS e documento comprovando que o pedido de saque foi negado pela Caixa Econ\u00f4mica Federal.<\/p><p>Observa\u00e7\u00f5es:<\/p><ul><li>Pai e m\u00e3e podem sacar o FGTS, quando um filho menor for portador de c\u00e2ncer.<\/li><li>A Caixa Econ\u00f4mica Federal tem o prazo de 5 (cinco) dias \u00fateis para disponibilizar o valor, contados a partir da data de solicita\u00e7\u00e3o do saque.<\/li><\/ul><\/div>\n\t\t\t\t<\/div>\n\t\t\t\t\t\t\t<div class=\"elementor-accordion-item\">\n\t\t\t\t\t<div id=\"elementor-tab-title-39311\" class=\"elementor-tab-title\" data-tab=\"11\" role=\"button\" aria-controls=\"elementor-tab-content-39311\" aria-expanded=\"false\">\n\t\t\t\t\t\t\t\t\t\t\t\t\t<span class=\"elementor-accordion-icon elementor-accordion-icon-left\" aria-hidden=\"true\">\n\t\t\t\t\t\t\t\t\t\t\t\t\t\t\t<span class=\"elementor-accordion-icon-closed\"><i class=\"fas fa-plus\"><\/i><\/span>\n\t\t\t\t\t\t\t\t<span class=\"elementor-accordion-icon-opened\"><i class=\"fas fa-minus\"><\/i><\/span>\n\t\t\t\t\t\t\t\t\t\t\t\t\t\t<\/span>\n\t\t\t\t\t\t\t\t\t\t\t\t<a class=\"elementor-accordion-title\" tabindex=\"0\">Saque do PIS\/PASEP<\/a>\n\t\t\t\t\t<\/div>\n\t\t\t\t\t<div id=\"elementor-tab-content-39311\" class=\"elementor-tab-content elementor-clearfix\" data-tab=\"11\" role=\"region\" aria-labelledby=\"elementor-tab-title-39311\"><h2><strong>O que \u00e9 o PIS\/PASEP?<\/strong><\/h2><p>O PIS &#8211; Programa de Integra\u00e7\u00e3o Social \u2013 destina-se a promover a integra\u00e7\u00e3o do empregado na vida e no desenvolvimento da empresa, mediante contribui\u00e7\u00e3o da empresa.<\/p><p>O PASEP &#8211; Programa de Forma\u00e7\u00e3o do Patrim\u00f4nio do Servidor P\u00fablico \u2013 \u00e9 constitu\u00eddo por dep\u00f3sitos mensais efetuados pela Uni\u00e3o, Estados, Distrito Federal, Munic\u00edpios e suas autarquias, empresas p\u00fablicas, sociedades de economia mista e funda\u00e7\u00f5es.<\/p><h2><strong>O trabalhador com c\u00e2ncer pode realizar o saque do PIS\/PASEP?<\/strong><\/h2><p>Sim. O PIS pode ser retirado na Caixa Econ\u00f4mica Federal e o PASEP pode ser retirado no Banco do Brasil, pelo trabalhador cadastrado no PIS\/PASEP antes de 4 de outubro de 1988, nos seguintes casos:<\/p><ul><li>se tiver neoplasia maligna (c\u00e2ncer);<\/li><li>se possuir dependente portador de c\u00e2ncer que ainda n\u00e3o tenha efetuado o saque dos seus saldos.<\/li><\/ul><h2><strong>Documenta\u00e7\u00e3o necess\u00e1ria:<\/strong><\/h2><ul><li>Carteira de Identidade.<\/li><li>Carteira de Trabalho.<\/li><li>Cart\u00e3o PIS\/PASEP ou comprovante de inscri\u00e7\u00e3o no PIS\/PASEP.<\/li><li>C\u00f3pia de resultados e laudos de exames.<\/li><li>Atestado m\u00e9dico v\u00e1lido por 30 dias, com as seguintes informa\u00e7\u00f5es:<ul><li>diagn\u00f3stico expresso da doen\u00e7a;<\/li><li>est\u00e1gio cl\u00ednico atual da doen\u00e7a\/paciente;<\/li><li>classifica\u00e7\u00e3o Internacional de Doen\u00e7as (CID);<\/li><li>data, nome e CRM do m\u00e9dico, com a devida assinatura;<\/li><li>comprovante de depend\u00eancia, se for o caso.<\/li><\/ul><\/li><\/ul><p>O pedido tamb\u00e9m pode ser feito por procura\u00e7\u00e3o. Nesse caso, devem ser apresentados, al\u00e9m da procura\u00e7\u00e3o, o RG e o CPF do procurador.<\/p><h2><strong>O que fazer se o pedido de saque for negado injustamente?<\/strong><\/h2><p>\u00c9 necess\u00e1rio recorrer \u00e0 Justi\u00e7a Federal e apresentar os documentos citados, uma c\u00f3pia do extrato com o saldo existente na conta do PIS\/PASEP e documento comprovando que o pedido de saque foi negado pela Caixa Econ\u00f4mica Federal ou pelo Banco do Brasil.<\/p><\/div>\n\t\t\t\t<\/div>\n\t\t\t\t\t\t\t<div class=\"elementor-accordion-item\">\n\t\t\t\t\t<div id=\"elementor-tab-title-39312\" class=\"elementor-tab-title\" data-tab=\"12\" role=\"button\" aria-controls=\"elementor-tab-content-39312\" aria-expanded=\"false\">\n\t\t\t\t\t\t\t\t\t\t\t\t\t<span class=\"elementor-accordion-icon elementor-accordion-icon-left\" aria-hidden=\"true\">\n\t\t\t\t\t\t\t\t\t\t\t\t\t\t\t<span class=\"elementor-accordion-icon-closed\"><i class=\"fas fa-plus\"><\/i><\/span>\n\t\t\t\t\t\t\t\t<span class=\"elementor-accordion-icon-opened\"><i class=\"fas fa-minus\"><\/i><\/span>\n\t\t\t\t\t\t\t\t\t\t\t\t\t\t<\/span>\n\t\t\t\t\t\t\t\t\t\t\t\t<a class=\"elementor-accordion-title\" tabindex=\"0\">Pris\u00e3o Especial<\/a>\n\t\t\t\t\t<\/div>\n\t\t\t\t\t<div id=\"elementor-tab-content-39312\" class=\"elementor-tab-content elementor-clearfix\" data-tab=\"12\" role=\"region\" aria-labelledby=\"elementor-tab-title-39312\"><p>De acordo com a Lei 7.210 de 11\/07\/1984, (Lei de Execu\u00e7\u00e3o Penal) art. 117 al\u00ednea b, admite o recolhimento do benefici\u00e1rio do regime aberto em resid\u00eancia particular quando o condenado for acometido de doen\u00e7a grave.<\/p><p>As doen\u00e7as graves consideradas para obten\u00e7\u00e3o do benef\u00edcio s\u00e3o as elencadas na Lei n\u00ba 7.713 de 22\/12\/1988, art. 6\u00ba, XIV, entre elas o c\u00e2ncer.<\/p><p>O benef\u00edcio pode ser estendido aos apenados em regime fechado desde que a enfermidade seja grave a ponto de causar danos graves e irrepar\u00e1veis a sua sa\u00fade na pris\u00e3o.<\/p><\/div>\n\t\t\t\t<\/div>\n\t\t\t\t\t\t\t<div class=\"elementor-accordion-item\">\n\t\t\t\t\t<div id=\"elementor-tab-title-39313\" class=\"elementor-tab-title\" data-tab=\"13\" role=\"button\" aria-controls=\"elementor-tab-content-39313\" aria-expanded=\"false\">\n\t\t\t\t\t\t\t\t\t\t\t\t\t<span class=\"elementor-accordion-icon elementor-accordion-icon-left\" aria-hidden=\"true\">\n\t\t\t\t\t\t\t\t\t\t\t\t\t\t\t<span class=\"elementor-accordion-icon-closed\"><i class=\"fas fa-plus\"><\/i><\/span>\n\t\t\t\t\t\t\t\t<span class=\"elementor-accordion-icon-opened\"><i class=\"fas fa-minus\"><\/i><\/span>\n\t\t\t\t\t\t\t\t\t\t\t\t\t\t<\/span>\n\t\t\t\t\t\t\t\t\t\t\t\t<a class=\"elementor-accordion-title\" tabindex=\"0\">Aposentadoria por invalidez<\/a>\n\t\t\t\t\t<\/div>\n\t\t\t\t\t<div id=\"elementor-tab-content-39313\" class=\"elementor-tab-content elementor-clearfix\" data-tab=\"13\" role=\"region\" aria-labelledby=\"elementor-tab-title-39313\"><p>\u00c9 concedida ao paciente de c\u00e2ncer quando sua incapacidade para o trabalho \u00e9 considerada definitiva pela per\u00edcia m\u00e9dica do INSS.<\/p><p>Tem direito ao benef\u00edcio o segurado que n\u00e3o esteja em processo de reabilita\u00e7\u00e3o para o exerc\u00edcio de atividade que lhe garanta a subsist\u00eancia (independentemente de estar recebendo ou n\u00e3o o aux\u00edlio-doen\u00e7a).<\/p><p>O portador de c\u00e2ncer ter\u00e1 direito ao benef\u00edcio, independentemente do pagamento de 12 contribui\u00e7\u00f5es, desde que esteja na qualidade de segurado, isto \u00e9, que seja inscrito no Regime Geral de Previd\u00eancia Social (INSS).<\/p><p>N\u00e3o \u00e9 assegurado o direito \u00e0 aposentadoria por invalidez ao paciente que, ao se filiar \u00e0 Previd\u00eancia Social, j\u00e1 era portador da doen\u00e7a que geraria o benef\u00edcio.<\/p><h2><strong>Como solicitar o benef\u00edcio?<\/strong><\/h2><p>O paciente deve:<\/p><ul><li>comparecer, pessoalmente ou por interm\u00e9dio de um procurador, ao posto da Previd\u00eancia Social mais pr\u00f3ximo de sua resid\u00eancia;<\/li><li>preencher requerimento pr\u00f3prio;<\/li><li>apresentar a documenta\u00e7\u00e3o exigida;<\/li><li>agendar realiza\u00e7\u00e3o de per\u00edcia m\u00e9dica.<\/li><\/ul><h2><strong>Documenta\u00e7\u00e3o necess\u00e1ria:<\/strong><\/h2><ul><li>Carteira de Trabalho e Previd\u00eancia Social &#8211; CTPS original ou documentos que comprovem a contribui\u00e7\u00e3o \u00e0 Previd\u00eancia Social;<\/li><li>N\u00famero de Identifica\u00e7\u00e3o do Trabalhador \u2013 NIT (PIS\/PASEP)ou n\u00famero de inscri\u00e7\u00e3o do contribuinte;<\/li><li>Relat\u00f3rio m\u00e9dico original com as seguintes informa\u00e7\u00f5es: diagn\u00f3stico da doen\u00e7a, hist\u00f3rico cl\u00ednico do paciente, C\u00f3digo Internacional de Doen\u00e7as &#8211; CID e relato das eventuais sequelas provocadas pela doen\u00e7a e justificativa da incapacidade permanente para o trabalho. O relat\u00f3rio deve conter data, assinatura, carimbo e CRM do m\u00e9dico.<\/li><li>Exames que comprovem a exist\u00eancia da doen\u00e7a.<\/li><li>Procura\u00e7\u00e3o, se for o caso.<\/li><\/ul><h2><strong>Como calcular o valor do benef\u00edcio previdenci\u00e1rio?<\/strong><\/h2><p>O sal\u00e1rio-benef\u00edcio dos trabalhadores inscritos at\u00e9 28 de novembro de 1999 corresponder\u00e1 \u00e0 m\u00e9dia dos 80% maiores sal\u00e1rios de contribui\u00e7\u00e3o, corrigidos monetariamente, desde julho de 1994. Para os inscritos a partir de 29 de novembro de 1999, o valor ser\u00e1 a m\u00e9dia dos 80% maiores sal\u00e1rios de contribui\u00e7\u00e3o de todo o per\u00edodo contributivo.<\/p><p>Na aposentadoria por invalidez o sal\u00e1rio-benef\u00edcio ser\u00e1 de 100% e \u00e9 isento do Imposto de Renda.<\/p><h2><strong>Quando o paciente come\u00e7a a receber o benef\u00edcio?<\/strong><\/h2><p>Caso o segurado esteja recebendo o aux\u00edlio-doen\u00e7a, o pagamento da aposentadoria por invalidez come\u00e7ar\u00e1 imediatamente a partir do dia em que cessar o pagamento do primeiro benef\u00edcio.<\/p><p>Se n\u00e3o estiver recebendo o aux\u00edlio-doen\u00e7a, a aposentadoria por invalidez come\u00e7ar\u00e1 a ser paga a partir do 16\u00b0 dia de afastamento da atividade.<br \/>Se passarem mais de 30 dias entre o afastamento e a entrada do requerimento, o benefici\u00e1rio ser\u00e1 pago a partir da data de entrada do requerimento. Para os trabalhadores aut\u00f4nomos, o benef\u00edcio come\u00e7ar\u00e1 a ser pago a partir da data da entrada do requerimento.<\/p><h2><strong>Quando o paciente deixa de receber o benef\u00edcio do INSS?<\/strong><\/h2><ul><li>Quando recuperar sua capacidade laborativa e voltar ao trabalho.<\/li><li>Se o segurado deixar de comparecer \u00e0 per\u00edcia obrigat\u00f3ria, depois de concedida a aposentadoria por invalidez.<\/li><\/ul><h2><strong>O aposentado por invalidez pode voltar ao trabalho?<\/strong><\/h2><p>Sim. Se o aposentado voltar ao trabalho por iniciativa pr\u00f3pria, ter\u00e1 a sua aposentadoria automaticamente cessada, a partir da data do retorno. Para retornar ao trabalho o aposentado por invalidez dever\u00e1 requerer nova avalia\u00e7\u00e3o m\u00e9dico-pericial.<\/p><h2><strong>O aposentado por invalidez pela Previd\u00eancia Social que necessitar da ajuda di\u00e1ria de outra pessoa tem algum outro direito?<\/strong><\/h2><p>Necessitando de assist\u00eancia permanente de outra pessoa, o aposentado por invalidez poder\u00e1, a crit\u00e9rio da per\u00edcia m\u00e9dica, ter o valor do benef\u00edcio aumentado em 25% a partir da data de sua solicita\u00e7\u00e3o \u2013 mesmo que o valor atinja o limite m\u00e1ximo previsto em lei.<\/p><p>Para requerer a majora\u00e7\u00e3o, o benefici\u00e1rio ou seu procurador\/representante legal dever\u00e1 comparecer diretamente na Ag\u00eancia da Previd\u00eancia Social mantenedora do benef\u00edcio para agendar a avalia\u00e7\u00e3o m\u00e9dico-pericial.<\/p><h2><strong>O que fazer quando o pedido de aposentadoria por invalidez for negado?<\/strong><\/h2><p>Se o pedido de concess\u00e3o ou prorroga\u00e7\u00e3o de aposentadoria por invalidez for negado, o paciente que se sentir prejudicado poder\u00e1 formular Pedido de Reconsidera\u00e7\u00e3o &#8211; PR, no prazo de at\u00e9 30 dias ap\u00f3s o conhecimento da avalia\u00e7\u00e3o m\u00e9dica ou da cessa\u00e7\u00e3o do benef\u00edcio.<\/p><p>Esse pedido deve ser feito na ag\u00eancia da Previd\u00eancia Social respons\u00e1vel pela concess\u00e3o do benef\u00edcio, pela internet (no site da Previd\u00eancia Social).<\/p><p>Se o resultado for desfavor\u00e1vel, o paciente pode ingressar com o pedido por via judicial.<\/p><\/div>\n\t\t\t\t<\/div>\n\t\t\t\t\t\t\t<div class=\"elementor-accordion-item\">\n\t\t\t\t\t<div id=\"elementor-tab-title-39314\" class=\"elementor-tab-title\" data-tab=\"14\" role=\"button\" aria-controls=\"elementor-tab-content-39314\" aria-expanded=\"false\">\n\t\t\t\t\t\t\t\t\t\t\t\t\t<span class=\"elementor-accordion-icon elementor-accordion-icon-left\" aria-hidden=\"true\">\n\t\t\t\t\t\t\t\t\t\t\t\t\t\t\t<span class=\"elementor-accordion-icon-closed\"><i class=\"fas fa-plus\"><\/i><\/span>\n\t\t\t\t\t\t\t\t<span class=\"elementor-accordion-icon-opened\"><i class=\"fas fa-minus\"><\/i><\/span>\n\t\t\t\t\t\t\t\t\t\t\t\t\t\t<\/span>\n\t\t\t\t\t\t\t\t\t\t\t\t<a class=\"elementor-accordion-title\" tabindex=\"0\">Aux\u00edlio doen\u00e7a<\/a>\n\t\t\t\t\t<\/div>\n\t\t\t\t\t<div id=\"elementor-tab-content-39314\" class=\"elementor-tab-content elementor-clearfix\" data-tab=\"14\" role=\"region\" aria-labelledby=\"elementor-tab-title-39314\"><p>Aux\u00edlio-doen\u00e7a \u00e9 um benef\u00edcio garantido pela Previd\u00eancia Social pago, mensalmente, aos segurados que se encontram incapacitados para o trabalho por mais de 15 dias consecutivos.<\/p><p>Como todos os benef\u00edcios oferecidos pelo INSS, o Aux\u00edlio-doen\u00e7a possui regras que determinam quem pode gozar do benef\u00edcio. Tais regras est\u00e3o regulamentadas nas Leis 8.213\/91 (Lei dos Benef\u00edcios da Previd\u00eancia Social) e no Decreto 3.048\/99 (Regulamento da Previd\u00eancia Social).<\/p><p>Os pacientes de c\u00e2ncer geralmente ficam afastados do trabalho por conta do tratamento e de seus efeitos adversos, podendo retornar ao trabalho quando estiverem aptos para tal.<\/p><h2><strong>Quem tem direito?<\/strong><\/h2><p>O segurado do INSS que comprove, em per\u00edcia m\u00e9dica, estar temporariamente incapaz para o trabalho em decorr\u00eancia de doen\u00e7a ou acidente.<\/p><p>O portador de neoplasia maligna (c\u00e2ncer), ter\u00e1 direito ao benef\u00edcio, independente do pagamento de 12 contribui\u00e7\u00f5es, desde que esteja na qualidade de segurado.<\/p><p>N\u00e3o tem direito ao aux\u00edlio-doen\u00e7a quem, ao se filiar \u00e0 Previd\u00eancia Social, j\u00e1 tiver doen\u00e7a ou les\u00e3o que geraria o benef\u00edcio, a n\u00e3o ser quando a incapacidade resultar do agravamento da enfermidade.<\/p><h2><strong>Como solicitar o benef\u00edcio?<\/strong><\/h2><p>A solicita\u00e7\u00e3o pode ser feita por:<\/p><p>a) Comparecimento pessoal em qualquer ag\u00eancia do INSS;<\/p><p>b) Agendamento atrav\u00e9s do site do Instituto Nacional do Seguro Social (<a href=\"https:\/\/www.inss.gov.br\/beneficios\/auxilio-doenca\">https:\/\/www.inss.gov.br\/beneficios\/auxilio-doenca<\/a>); ou<\/p><p>c) Por liga\u00e7\u00e3o telef\u00f4nica no 135, o servi\u00e7o \u00e9 dispon\u00edvel de segunda a s\u00e1bado, das 7h \u00e0s 22h (hor\u00e1rio de Bras\u00edlia).<\/p><h2><strong>Documenta\u00e7\u00e3o necess\u00e1ria<\/strong><\/h2><p>Depender\u00e1 da categoria na qual o segurado est\u00e1 registrado na Previd\u00eancia Social. Abaixo, segue rol dos documentos que s\u00e3o geralmente exigidos:<\/p><ul><li>Documento de identifica\u00e7\u00e3o oficial com foto, que permita o reconhecimento do requerente;<\/li><li>N\u00famero do CPF;<\/li><li>Carteira de trabalho, carn\u00eas de contribui\u00e7\u00e3o e outros documentos que comprovem pagamento ao INSS;<\/li><li>Documentos m\u00e9dicos decorrentes de seu tratamento, como atestados, exames, relat\u00f3rios, etc, para serem analisados no dia da per\u00edcia m\u00e9dica do INSS.<\/li><\/ul><p>Para o empregado:<\/p><ul><li>Declara\u00e7\u00e3o carimbada e assinada do empregador, informando a data do \u00faltimo dia trabalhado (se precisar, imprima o requerimento);<\/li><li>Comunica\u00e7\u00e3o de acidente de trabalho (CAT), se for o caso;<\/li><li>Para o segurado especial (trabalhador rural, lavrador, pescador): documentos que comprovem esta situa\u00e7\u00e3o, como declara\u00e7\u00e3o de sindicato, contratos de arrendamento, entre outros.<\/li><\/ul><h2><strong>Quando o paciente come\u00e7a a receber o aux\u00edlio doen\u00e7a?<\/strong><\/h2><p>Para os trabalhadores com carteira assinada os primeiros 15 dias s\u00e3o pagos pelo empregador, e a partir do 16\u00ba dia de afastamento do trabalho o benef\u00edcio \u00e9 pago pela Previd\u00eancia Social.<\/p><p>Para os demais segurados, o INSS paga todo o per\u00edodo de afastamento, a contar da data de in\u00edcio da incapacidade ou da data da entrada do requerimento, quando feito ap\u00f3s o 30\u00ba dia do afastamento da atividade.<\/p><h2><strong>Se o paciente n\u00e3o puder comparecer na per\u00edcia m\u00e9dica?<\/strong><\/h2><p>Caso o segurado n\u00e3o possa comparecer \u00e0 per\u00edcia m\u00e9dica no dia e hora agendados, ele pode solicitar a remarca\u00e7\u00e3o, no prazo de 3 dias uma \u00fanica vez, pela Central 135 ou comparecendo diretamente \u00e0 Ag\u00eancia da Previd\u00eancia Social.<\/p><p>Em casos de interna\u00e7\u00e3o hospitalar ou paciente acamado, o prazo para remarca\u00e7\u00e3o \u00e9 de sete dias antes ou at\u00e9 a data agendada, sendo necess\u00e1rio o comparecimento do representante legal \u00e0 Ag\u00eancia do INSS.<\/p><p>Se o segurado n\u00e3o comparecer na data agendada ou n\u00e3o efetivar a remarca\u00e7\u00e3o da per\u00edcia m\u00e9dica ou solicitar o cancelamento, ficar\u00e1 impossibilitado de requerer o benef\u00edcio pelos pr\u00f3ximos 30 dias.<\/p><h2><strong>Quando o paciente deixa de receber o benef\u00edcio?<\/strong><\/h2><p>Caso o segurado n\u00e3o possa comparecer \u00e0 per\u00edcia m\u00e9dica no dia e hora agendados, ele pode solicitar a remarca\u00e7\u00e3o, no prazo de 3 dias uma \u00fanica vez, pela Central 135 ou comparecendo diretamente \u00e0 Ag\u00eancia da Previd\u00eancia Social.<\/p><p>Em casos de interna\u00e7\u00e3o hospitalar ou paciente acamado, o prazo para remarca\u00e7\u00e3o \u00e9 de sete dias antes ou at\u00e9 a data agendada, sendo necess\u00e1rio o comparecimento do representante legal \u00e0 Ag\u00eancia do INSS.<\/p><p>Se o segurado n\u00e3o comparecer na data agendada ou n\u00e3o efetivar a remarca\u00e7\u00e3o da per\u00edcia m\u00e9dica ou solicitar o cancelamento, ficar\u00e1 impossibilitado de requerer o benef\u00edcio pelos pr\u00f3ximos 30 dias.<\/p><h2><strong>O benef\u00edcio pode ser prorrogado?<\/strong><\/h2><p>Sim, a prorroga\u00e7\u00e3o deve ser requerida no prazo de at\u00e9 15 dias antes do t\u00e9rmino do benef\u00edcio, caso julgue que o prazo inicialmente concedido para a recupera\u00e7\u00e3o se revelou insuficiente para retorno ao trabalho, o segurado poder\u00e1 solicitar a prorroga\u00e7\u00e3o do benef\u00edcio pela Central 135, internet ou comparecendo em uma ag\u00eancia do INSS.<\/p><h2><strong>O que fazer quando o pedido de aux\u00edlio doen\u00e7a for negado?<\/strong><\/h2><p>Caso n\u00e3o concorde com o indeferimento ou a cessa\u00e7\u00e3o do benef\u00edcio e n\u00e3o seja mais poss\u00edvel solicitar prorroga\u00e7\u00e3o, o segurado pode entrar com recurso \u00e0 Junta de Recursos, em at\u00e9 30 dias contados a partir da data em que tomar ci\u00eancia da decis\u00e3o do INSS (Portaria MDSA n\u00ba 152, de 25\/08\/2016).<\/p><p>Se a decis\u00e3o for desfavor\u00e1vel, o paciente pode ingressar com o pedido por via judicial, devendo ser avaliado o caso.<\/p><h2><strong>Benef\u00edcios concedidos ou reativados por decis\u00e3o judicial<\/strong><\/h2><p>O benef\u00edcio de aux\u00edlio-doen\u00e7a concedido ou reativado por decis\u00e3o judicial cessar\u00e1 na data determinada pelo juiz ou, quando n\u00e3o houver esta determina\u00e7\u00e3o na senten\u00e7a, ap\u00f3s 120 dias contados da implanta\u00e7\u00e3o ou reativa\u00e7\u00e3o do benef\u00edcio (Lei 8.213\/1991, alterada pela Lei 13.457\/2017).<\/p><p>Nos \u00faltimos 15 dias do benef\u00edcio de aux\u00edlio-doen\u00e7a concedido\/reativado judicialmente, caso julgue que o prazo inicialmente concedido para a recupera\u00e7\u00e3o se revelou insuficiente para retorno ao trabalho, o segurado poder\u00e1 solicitar a prorroga\u00e7\u00e3o do benef\u00edcio pela Central 135, internet ou comparecendo em uma ag\u00eancia do INSS.<\/p><p>No dia da per\u00edcia m\u00e9dica do pedido de prorroga\u00e7\u00e3o ou da revis\u00e3o do benef\u00edcio, o segurado dever\u00e1 apresentar documento de identifica\u00e7\u00e3o oficial com foto, que permita o reconhecimento do requerente, e toda a documenta\u00e7\u00e3o m\u00e9dica relacionada \u00e0 doen\u00e7a\/les\u00e3o.<\/p><p>O benef\u00edcio de aux\u00edlio-doen\u00e7a concedido\/reativado judicialmente ser\u00e1 cessado na data determinada pela senten\u00e7a ou pela lei, caso o(a) segurado(a) ou seu representante n\u00e3o solicitem a prorroga\u00e7\u00e3o nos \u00faltimos 15 dias do benef\u00edcio, atrav\u00e9s da Central 135, internet ou comparecendo em uma ag\u00eancia do INSS.<\/p><\/div>\n\t\t\t\t<\/div>\n\t\t\t\t\t\t\t\t<\/div>\n\t\t\t\t\t\t<\/div>\n\t\t\t\t<\/div>\n\t\t\t\t\t<\/div>\n\t\t<\/div>\n\t\t\t\t\t<\/div>\n\t\t<\/section>\n\t\t\t\t<\/div>\n\t\t","protected":false},"excerpt":{"rendered":"<p>Pacientes com c\u00e2ncer possuem diversos direitos garantidos por lei \u2013 tanto de acesso \u00e0 sa\u00fade quantos sociais \u2013 que \u00e0s vezes desconhece. Uma vez desrespeitados, o paciente pode tomar as provid\u00eancias cab\u00edveis e exigir o seu cumprimento. CARTILHA DE DIREITOS Disponibiliza a Cartilha de Direitos do Portador de C\u00e2ncer, como forma de promover e disseminar [&hellip;]<\/p>\n","protected":false},"author":1,"featured_media":0,"parent":0,"menu_order":0,"comment_status":"closed","ping_status":"closed","template":"","meta":{"footnotes":""},"class_list":["post-818","page","type-page","status-publish","hentry"],"yoast_head":"<!-- This site is optimized with the Yoast SEO plugin v26.4 - https:\/\/yoast.com\/wordpress\/plugins\/seo\/ -->\n<title>Direitos dos Pacientes - Funda\u00e7\u00e3o Maria Carvalho Santos<\/title>\n<meta name=\"robots\" content=\"index, follow, max-snippet:-1, max-image-preview:large, max-video-preview:-1\" \/>\n<link rel=\"canonical\" href=\"https:\/\/afonte.org.br\/site\/direitos-dos-pacientes\/\" \/>\n<meta property=\"og:locale\" content=\"pt_BR\" \/>\n<meta property=\"og:type\" content=\"article\" \/>\n<meta property=\"og:title\" content=\"Direitos dos Pacientes - Funda\u00e7\u00e3o Maria Carvalho Santos\" \/>\n<meta property=\"og:description\" content=\"Pacientes com c\u00e2ncer possuem diversos direitos garantidos por lei \u2013 tanto de acesso \u00e0 sa\u00fade quantos sociais \u2013 que \u00e0s vezes desconhece. Uma vez desrespeitados, o paciente pode tomar as provid\u00eancias cab\u00edveis e exigir o seu cumprimento. CARTILHA DE DIREITOS Disponibiliza a Cartilha de Direitos do Portador de C\u00e2ncer, como forma de promover e disseminar [&hellip;]\" \/>\n<meta property=\"og:url\" content=\"https:\/\/afonte.org.br\/site\/direitos-dos-pacientes\/\" \/>\n<meta property=\"og:site_name\" content=\"Funda\u00e7\u00e3o Maria Carvalho Santos\" \/>\n<meta property=\"article:publisher\" content=\"https:\/\/www.facebook.com\/fundacaomariacarvalhosantos\/\" \/>\n<meta property=\"article:modified_time\" content=\"2022-01-23T17:06:33+00:00\" \/>\n<meta name=\"twitter:card\" content=\"summary_large_image\" \/>\n<meta name=\"twitter:site\" content=\"@fundacaomaria\" \/>\n<meta name=\"twitter:label1\" content=\"Est. tempo de leitura\" \/>\n\t<meta name=\"twitter:data1\" content=\"56 minutos\" \/>\n<script type=\"application\/ld+json\" class=\"yoast-schema-graph\">{\"@context\":\"https:\/\/schema.org\",\"@graph\":[{\"@type\":\"WebPage\",\"@id\":\"https:\/\/afonte.org.br\/site\/direitos-dos-pacientes\/\",\"url\":\"https:\/\/afonte.org.br\/site\/direitos-dos-pacientes\/\",\"name\":\"Direitos dos Pacientes - Funda\u00e7\u00e3o Maria Carvalho Santos\",\"isPartOf\":{\"@id\":\"https:\/\/afonte.org.br\/site\/#website\"},\"datePublished\":\"2021-10-11T15:38:37+00:00\",\"dateModified\":\"2022-01-23T17:06:33+00:00\",\"breadcrumb\":{\"@id\":\"https:\/\/afonte.org.br\/site\/direitos-dos-pacientes\/#breadcrumb\"},\"inLanguage\":\"pt-BR\",\"potentialAction\":[{\"@type\":\"ReadAction\",\"target\":[\"https:\/\/afonte.org.br\/site\/direitos-dos-pacientes\/\"]}]},{\"@type\":\"BreadcrumbList\",\"@id\":\"https:\/\/afonte.org.br\/site\/direitos-dos-pacientes\/#breadcrumb\",\"itemListElement\":[{\"@type\":\"ListItem\",\"position\":1,\"name\":\"In\u00edcio\",\"item\":\"https:\/\/afonte.org.br\/site\/\"},{\"@type\":\"ListItem\",\"position\":2,\"name\":\"Direitos dos Pacientes\"}]},{\"@type\":\"WebSite\",\"@id\":\"https:\/\/afonte.org.br\/site\/#website\",\"url\":\"https:\/\/afonte.org.br\/site\/\",\"name\":\"Funda\u00e7\u00e3o Maria Carvalho Santos\",\"description\":\"\u201cSe voc\u00ea tem c\u00e2ncer de mama, n\u00f3s ajudamos voc\u00ea, mas se voc\u00ea n\u00e3o tem, ajude a gente\u201d!\",\"publisher\":{\"@id\":\"https:\/\/afonte.org.br\/site\/#organization\"},\"potentialAction\":[{\"@type\":\"SearchAction\",\"target\":{\"@type\":\"EntryPoint\",\"urlTemplate\":\"https:\/\/afonte.org.br\/site\/?s={search_term_string}\"},\"query-input\":{\"@type\":\"PropertyValueSpecification\",\"valueRequired\":true,\"valueName\":\"search_term_string\"}}],\"inLanguage\":\"pt-BR\"},{\"@type\":\"Organization\",\"@id\":\"https:\/\/afonte.org.br\/site\/#organization\",\"name\":\"Funda\u00e7\u00e3o Maria Carvalho Santos\",\"url\":\"https:\/\/afonte.org.br\/site\/\",\"logo\":{\"@type\":\"ImageObject\",\"inLanguage\":\"pt-BR\",\"@id\":\"https:\/\/afonte.org.br\/site\/#\/schema\/logo\/image\/\",\"url\":\"https:\/\/afonte.org.br\/site\/wp-content\/uploads\/2021\/10\/logomarca_fundacao2.fw_.png\",\"contentUrl\":\"https:\/\/afonte.org.br\/site\/wp-content\/uploads\/2021\/10\/logomarca_fundacao2.fw_.png\",\"width\":200,\"height\":73,\"caption\":\"Funda\u00e7\u00e3o Maria Carvalho Santos\"},\"image\":{\"@id\":\"https:\/\/afonte.org.br\/site\/#\/schema\/logo\/image\/\"},\"sameAs\":[\"https:\/\/www.facebook.com\/fundacaomariacarvalhosantos\/\",\"https:\/\/x.com\/fundacaomaria\",\"https:\/\/www.instagram.com\/fundacaomariacarvalho\/?hl=pt-br\",\"https:\/\/www.youtube.com\/channel\/UCThs6_9MYv6ms6ciEHDKXrA\"]}]}<\/script>\n<!-- \/ Yoast SEO plugin. -->","yoast_head_json":{"title":"Direitos dos Pacientes - Funda\u00e7\u00e3o Maria Carvalho Santos","robots":{"index":"index","follow":"follow","max-snippet":"max-snippet:-1","max-image-preview":"max-image-preview:large","max-video-preview":"max-video-preview:-1"},"canonical":"https:\/\/afonte.org.br\/site\/direitos-dos-pacientes\/","og_locale":"pt_BR","og_type":"article","og_title":"Direitos dos Pacientes - Funda\u00e7\u00e3o Maria Carvalho Santos","og_description":"Pacientes com c\u00e2ncer possuem diversos direitos garantidos por lei \u2013 tanto de acesso \u00e0 sa\u00fade quantos sociais \u2013 que \u00e0s vezes desconhece. Uma vez desrespeitados, o paciente pode tomar as provid\u00eancias cab\u00edveis e exigir o seu cumprimento. CARTILHA DE DIREITOS Disponibiliza a Cartilha de Direitos do Portador de C\u00e2ncer, como forma de promover e disseminar [&hellip;]","og_url":"https:\/\/afonte.org.br\/site\/direitos-dos-pacientes\/","og_site_name":"Funda\u00e7\u00e3o Maria Carvalho Santos","article_publisher":"https:\/\/www.facebook.com\/fundacaomariacarvalhosantos\/","article_modified_time":"2022-01-23T17:06:33+00:00","twitter_card":"summary_large_image","twitter_site":"@fundacaomaria","twitter_misc":{"Est. tempo de leitura":"56 minutos"},"schema":{"@context":"https:\/\/schema.org","@graph":[{"@type":"WebPage","@id":"https:\/\/afonte.org.br\/site\/direitos-dos-pacientes\/","url":"https:\/\/afonte.org.br\/site\/direitos-dos-pacientes\/","name":"Direitos dos Pacientes - Funda\u00e7\u00e3o Maria Carvalho Santos","isPartOf":{"@id":"https:\/\/afonte.org.br\/site\/#website"},"datePublished":"2021-10-11T15:38:37+00:00","dateModified":"2022-01-23T17:06:33+00:00","breadcrumb":{"@id":"https:\/\/afonte.org.br\/site\/direitos-dos-pacientes\/#breadcrumb"},"inLanguage":"pt-BR","potentialAction":[{"@type":"ReadAction","target":["https:\/\/afonte.org.br\/site\/direitos-dos-pacientes\/"]}]},{"@type":"BreadcrumbList","@id":"https:\/\/afonte.org.br\/site\/direitos-dos-pacientes\/#breadcrumb","itemListElement":[{"@type":"ListItem","position":1,"name":"In\u00edcio","item":"https:\/\/afonte.org.br\/site\/"},{"@type":"ListItem","position":2,"name":"Direitos dos Pacientes"}]},{"@type":"WebSite","@id":"https:\/\/afonte.org.br\/site\/#website","url":"https:\/\/afonte.org.br\/site\/","name":"Funda\u00e7\u00e3o Maria Carvalho Santos","description":"\u201cSe voc\u00ea tem c\u00e2ncer de mama, n\u00f3s ajudamos voc\u00ea, mas se voc\u00ea n\u00e3o tem, ajude a gente\u201d!","publisher":{"@id":"https:\/\/afonte.org.br\/site\/#organization"},"potentialAction":[{"@type":"SearchAction","target":{"@type":"EntryPoint","urlTemplate":"https:\/\/afonte.org.br\/site\/?s={search_term_string}"},"query-input":{"@type":"PropertyValueSpecification","valueRequired":true,"valueName":"search_term_string"}}],"inLanguage":"pt-BR"},{"@type":"Organization","@id":"https:\/\/afonte.org.br\/site\/#organization","name":"Funda\u00e7\u00e3o Maria Carvalho Santos","url":"https:\/\/afonte.org.br\/site\/","logo":{"@type":"ImageObject","inLanguage":"pt-BR","@id":"https:\/\/afonte.org.br\/site\/#\/schema\/logo\/image\/","url":"https:\/\/afonte.org.br\/site\/wp-content\/uploads\/2021\/10\/logomarca_fundacao2.fw_.png","contentUrl":"https:\/\/afonte.org.br\/site\/wp-content\/uploads\/2021\/10\/logomarca_fundacao2.fw_.png","width":200,"height":73,"caption":"Funda\u00e7\u00e3o Maria Carvalho Santos"},"image":{"@id":"https:\/\/afonte.org.br\/site\/#\/schema\/logo\/image\/"},"sameAs":["https:\/\/www.facebook.com\/fundacaomariacarvalhosantos\/","https:\/\/x.com\/fundacaomaria","https:\/\/www.instagram.com\/fundacaomariacarvalho\/?hl=pt-br","https:\/\/www.youtube.com\/channel\/UCThs6_9MYv6ms6ciEHDKXrA"]}]}},"_links":{"self":[{"href":"https:\/\/afonte.org.br\/site\/wp-json\/wp\/v2\/pages\/818","targetHints":{"allow":["GET"]}}],"collection":[{"href":"https:\/\/afonte.org.br\/site\/wp-json\/wp\/v2\/pages"}],"about":[{"href":"https:\/\/afonte.org.br\/site\/wp-json\/wp\/v2\/types\/page"}],"author":[{"embeddable":true,"href":"https:\/\/afonte.org.br\/site\/wp-json\/wp\/v2\/users\/1"}],"replies":[{"embeddable":true,"href":"https:\/\/afonte.org.br\/site\/wp-json\/wp\/v2\/comments?post=818"}],"version-history":[{"count":97,"href":"https:\/\/afonte.org.br\/site\/wp-json\/wp\/v2\/pages\/818\/revisions"}],"predecessor-version":[{"id":1326,"href":"https:\/\/afonte.org.br\/site\/wp-json\/wp\/v2\/pages\/818\/revisions\/1326"}],"wp:attachment":[{"href":"https:\/\/afonte.org.br\/site\/wp-json\/wp\/v2\/media?parent=818"}],"curies":[{"name":"wp","href":"https:\/\/api.w.org\/{rel}","templated":true}]}}