{"id":1616,"date":"2023-07-02T21:38:36","date_gmt":"2023-07-03T00:38:36","guid":{"rendered":"https:\/\/afonte.org.br\/site\/?post_type=xxi-congresso-mama&#038;p=1616"},"modified":"2023-09-22T13:58:18","modified_gmt":"2023-09-22T16:58:18","slug":"programacao","status":"publish","type":"xxi-congresso-mama","link":"https:\/\/afonte.org.br\/site\/xxi-congresso-mama\/programacao\/","title":{"rendered":"Programa\u00e7\u00e3o"},"content":{"rendered":"\n<p class=\"has-drop-cap\">Gostar\u00edamos de informar que a programa\u00e7\u00e3o completa do evento ser\u00e1 divulgada em breve! Estamos trabalhando arduamente para trazer uma agenda rica e diversificada, repleta de palestras, pain\u00e9is de discuss\u00e3o, workshops e atividades interativas que abordar\u00e3o diversos aspectos da assist\u00eancia no controle do c\u00e2ncer de mama.<\/p>\n\n\n\n<p class=\"has-text-align-center\"><strong><a href=\"https:\/\/afonte.org.br\/site\/wp-content\/uploads\/2023\/09\/FOLDER-CONGRESSO-whatsapp.pdf\">CLIQUE AQUI E VEJA A PROGRAMA\u00c7\u00c3O<\/a><\/strong><\/p>\n\n\n\n<p>Nossa equipe est\u00e1 empenhada em selecionar renomados especialistas, profissionais de sa\u00fade, defensores dos direitos dos pacientes e representantes de organiza\u00e7\u00f5es filantr\u00f3picas para compartilhar suas experi\u00eancias e conhecimentos. Teremos temas relevantes, abrangendo desde avan\u00e7os m\u00e9dicos e cient\u00edficos at\u00e9 quest\u00f5es de pol\u00edticas de sa\u00fade, acesso ao tratamento e suporte aos pacientes e seus familiares.<\/p>\n\n\n\n<p>Al\u00e9m disso, buscamos criar espa\u00e7os para a intera\u00e7\u00e3o entre os participantes, promovendo networking, troca de ideias e parcerias colaborativas. Queremos proporcionar um ambiente enriquecedor onde todos possam aprender e contribuir para o avan\u00e7o da assist\u00eancia no controle do c\u00e2ncer de mama no Brasil.<\/p>\n\n\n\n<p>Fiquem atentos aos nossos canais de comunica\u00e7\u00e3o, pois em breve compartilharemos detalhes sobre os palestrantes, temas das palestras e demais atividades que compor\u00e3o a programa\u00e7\u00e3o. Garantimos que ser\u00e1 uma agenda diversificada e inspiradora, repleta de oportunidades de aprendizado e crescimento profissional.<\/p>\n\n\n\n<p>Agradecemos a todos pelo apoio e entusiasmo demonstrados at\u00e9 o momento. Contamos com sua presen\u00e7a e participa\u00e7\u00e3o ativa no <strong>XXI Encontro Brasileiro de Institui\u00e7\u00f5es Filantr\u00f3picas pela Sa\u00fade da Mama<\/strong>. Juntos, vamos otimizar a assist\u00eancia no controle do c\u00e2ncer e fazer a diferen\u00e7a na vida daqueles que lutam contra o c\u00e2ncer de mama.<\/p>\n\n\n\n<p>Atenciosamente,<\/p>\n\n\n\n<p>Equipe Organizadora do XXI Encontro Brasileiro de Institui\u00e7\u00f5es Filantr\u00f3picas pela Sa\u00fade da Mama<\/p>\n","protected":false},"featured_media":0,"template":"","class_list":["post-1616","xxi-congresso-mama","type-xxi-congresso-mama","status-publish","hentry"],"yoast_head":"<!-- This site is optimized with the Yoast SEO plugin v26.4 - https:\/\/yoast.com\/wordpress\/plugins\/seo\/ -->\n<title>Programa\u00e7\u00e3o - Funda\u00e7\u00e3o Maria Carvalho Santos<\/title>\n<meta name=\"robots\" content=\"index, follow, max-snippet:-1, max-image-preview:large, max-video-preview:-1\" \/>\n<link rel=\"canonical\" href=\"https:\/\/afonte.org.br\/site\/xxi-congresso-mama\/programacao\/\" \/>\n<meta property=\"og:locale\" content=\"pt_BR\" \/>\n<meta property=\"og:type\" content=\"article\" \/>\n<meta property=\"og:title\" content=\"Programa\u00e7\u00e3o - Funda\u00e7\u00e3o Maria Carvalho Santos\" \/>\n<meta property=\"og:description\" content=\"Gostar\u00edamos de informar que a programa\u00e7\u00e3o completa do evento ser\u00e1 divulgada em breve! Estamos trabalhando arduamente para trazer uma agenda rica e diversificada, repleta de palestras, pain\u00e9is de discuss\u00e3o, workshops e atividades interativas que abordar\u00e3o diversos aspectos da assist\u00eancia no controle do c\u00e2ncer de mama. CLIQUE AQUI E VEJA A PROGRAMA\u00c7\u00c3O Nossa equipe est\u00e1 empenhada [&hellip;]\" \/>\n<meta property=\"og:url\" content=\"https:\/\/afonte.org.br\/site\/xxi-congresso-mama\/programacao\/\" \/>\n<meta property=\"og:site_name\" content=\"Funda\u00e7\u00e3o Maria Carvalho Santos\" \/>\n<meta property=\"article:publisher\" content=\"https:\/\/www.facebook.com\/fundacaomariacarvalhosantos\/\" \/>\n<meta property=\"article:modified_time\" content=\"2023-09-22T16:58:18+00:00\" \/>\n<meta name=\"twitter:card\" content=\"summary_large_image\" \/>\n<meta name=\"twitter:site\" content=\"@fundacaomaria\" \/>\n<meta name=\"twitter:label1\" content=\"Est. tempo de leitura\" \/>\n\t<meta name=\"twitter:data1\" content=\"1 minuto\" \/>\n<script type=\"application\/ld+json\" class=\"yoast-schema-graph\">{\"@context\":\"https:\/\/schema.org\",\"@graph\":[{\"@type\":\"WebPage\",\"@id\":\"https:\/\/afonte.org.br\/site\/xxi-congresso-mama\/programacao\/\",\"url\":\"https:\/\/afonte.org.br\/site\/xxi-congresso-mama\/programacao\/\",\"name\":\"Programa\u00e7\u00e3o - Funda\u00e7\u00e3o Maria Carvalho Santos\",\"isPartOf\":{\"@id\":\"https:\/\/afonte.org.br\/site\/#website\"},\"datePublished\":\"2023-07-03T00:38:36+00:00\",\"dateModified\":\"2023-09-22T16:58:18+00:00\",\"breadcrumb\":{\"@id\":\"https:\/\/afonte.org.br\/site\/xxi-congresso-mama\/programacao\/#breadcrumb\"},\"inLanguage\":\"pt-BR\",\"potentialAction\":[{\"@type\":\"ReadAction\",\"target\":[\"https:\/\/afonte.org.br\/site\/xxi-congresso-mama\/programacao\/\"]}]},{\"@type\":\"BreadcrumbList\",\"@id\":\"https:\/\/afonte.org.br\/site\/xxi-congresso-mama\/programacao\/#breadcrumb\",\"itemListElement\":[{\"@type\":\"ListItem\",\"position\":1,\"name\":\"In\u00edcio\",\"item\":\"https:\/\/afonte.org.br\/site\/\"},{\"@type\":\"ListItem\",\"position\":2,\"name\":\"XXI Congresso Mama\",\"item\":\"https:\/\/afonte.org.br\/site\/xxi-congresso-mama\/\"},{\"@type\":\"ListItem\",\"position\":3,\"name\":\"Programa\u00e7\u00e3o\"}]},{\"@type\":\"WebSite\",\"@id\":\"https:\/\/afonte.org.br\/site\/#website\",\"url\":\"https:\/\/afonte.org.br\/site\/\",\"name\":\"Funda\u00e7\u00e3o Maria Carvalho Santos\",\"description\":\"\u201cSe voc\u00ea tem c\u00e2ncer de mama, n\u00f3s ajudamos voc\u00ea, mas se voc\u00ea n\u00e3o tem, ajude a gente\u201d!\",\"publisher\":{\"@id\":\"https:\/\/afonte.org.br\/site\/#organization\"},\"potentialAction\":[{\"@type\":\"SearchAction\",\"target\":{\"@type\":\"EntryPoint\",\"urlTemplate\":\"https:\/\/afonte.org.br\/site\/?s={search_term_string}\"},\"query-input\":{\"@type\":\"PropertyValueSpecification\",\"valueRequired\":true,\"valueName\":\"search_term_string\"}}],\"inLanguage\":\"pt-BR\"},{\"@type\":\"Organization\",\"@id\":\"https:\/\/afonte.org.br\/site\/#organization\",\"name\":\"Funda\u00e7\u00e3o Maria Carvalho Santos\",\"url\":\"https:\/\/afonte.org.br\/site\/\",\"logo\":{\"@type\":\"ImageObject\",\"inLanguage\":\"pt-BR\",\"@id\":\"https:\/\/afonte.org.br\/site\/#\/schema\/logo\/image\/\",\"url\":\"https:\/\/afonte.org.br\/site\/wp-content\/uploads\/2021\/10\/logomarca_fundacao2.fw_.png\",\"contentUrl\":\"https:\/\/afonte.org.br\/site\/wp-content\/uploads\/2021\/10\/logomarca_fundacao2.fw_.png\",\"width\":200,\"height\":73,\"caption\":\"Funda\u00e7\u00e3o Maria Carvalho Santos\"},\"image\":{\"@id\":\"https:\/\/afonte.org.br\/site\/#\/schema\/logo\/image\/\"},\"sameAs\":[\"https:\/\/www.facebook.com\/fundacaomariacarvalhosantos\/\",\"https:\/\/x.com\/fundacaomaria\",\"https:\/\/www.instagram.com\/fundacaomariacarvalho\/?hl=pt-br\",\"https:\/\/www.youtube.com\/channel\/UCThs6_9MYv6ms6ciEHDKXrA\"]}]}<\/script>\n<!-- \/ Yoast SEO plugin. -->","yoast_head_json":{"title":"Programa\u00e7\u00e3o - Funda\u00e7\u00e3o Maria Carvalho Santos","robots":{"index":"index","follow":"follow","max-snippet":"max-snippet:-1","max-image-preview":"max-image-preview:large","max-video-preview":"max-video-preview:-1"},"canonical":"https:\/\/afonte.org.br\/site\/xxi-congresso-mama\/programacao\/","og_locale":"pt_BR","og_type":"article","og_title":"Programa\u00e7\u00e3o - Funda\u00e7\u00e3o Maria Carvalho Santos","og_description":"Gostar\u00edamos de informar que a programa\u00e7\u00e3o completa do evento ser\u00e1 divulgada em breve! Estamos trabalhando arduamente para trazer uma agenda rica e diversificada, repleta de palestras, pain\u00e9is de discuss\u00e3o, workshops e atividades interativas que abordar\u00e3o diversos aspectos da assist\u00eancia no controle do c\u00e2ncer de mama. CLIQUE AQUI E VEJA A PROGRAMA\u00c7\u00c3O Nossa equipe est\u00e1 empenhada [&hellip;]","og_url":"https:\/\/afonte.org.br\/site\/xxi-congresso-mama\/programacao\/","og_site_name":"Funda\u00e7\u00e3o Maria Carvalho Santos","article_publisher":"https:\/\/www.facebook.com\/fundacaomariacarvalhosantos\/","article_modified_time":"2023-09-22T16:58:18+00:00","twitter_card":"summary_large_image","twitter_site":"@fundacaomaria","twitter_misc":{"Est. tempo de leitura":"1 minuto"},"schema":{"@context":"https:\/\/schema.org","@graph":[{"@type":"WebPage","@id":"https:\/\/afonte.org.br\/site\/xxi-congresso-mama\/programacao\/","url":"https:\/\/afonte.org.br\/site\/xxi-congresso-mama\/programacao\/","name":"Programa\u00e7\u00e3o - Funda\u00e7\u00e3o Maria Carvalho Santos","isPartOf":{"@id":"https:\/\/afonte.org.br\/site\/#website"},"datePublished":"2023-07-03T00:38:36+00:00","dateModified":"2023-09-22T16:58:18+00:00","breadcrumb":{"@id":"https:\/\/afonte.org.br\/site\/xxi-congresso-mama\/programacao\/#breadcrumb"},"inLanguage":"pt-BR","potentialAction":[{"@type":"ReadAction","target":["https:\/\/afonte.org.br\/site\/xxi-congresso-mama\/programacao\/"]}]},{"@type":"BreadcrumbList","@id":"https:\/\/afonte.org.br\/site\/xxi-congresso-mama\/programacao\/#breadcrumb","itemListElement":[{"@type":"ListItem","position":1,"name":"In\u00edcio","item":"https:\/\/afonte.org.br\/site\/"},{"@type":"ListItem","position":2,"name":"XXI Congresso Mama","item":"https:\/\/afonte.org.br\/site\/xxi-congresso-mama\/"},{"@type":"ListItem","position":3,"name":"Programa\u00e7\u00e3o"}]},{"@type":"WebSite","@id":"https:\/\/afonte.org.br\/site\/#website","url":"https:\/\/afonte.org.br\/site\/","name":"Funda\u00e7\u00e3o Maria Carvalho Santos","description":"\u201cSe voc\u00ea tem c\u00e2ncer de mama, n\u00f3s ajudamos voc\u00ea, mas se voc\u00ea n\u00e3o tem, ajude a gente\u201d!","publisher":{"@id":"https:\/\/afonte.org.br\/site\/#organization"},"potentialAction":[{"@type":"SearchAction","target":{"@type":"EntryPoint","urlTemplate":"https:\/\/afonte.org.br\/site\/?s={search_term_string}"},"query-input":{"@type":"PropertyValueSpecification","valueRequired":true,"valueName":"search_term_string"}}],"inLanguage":"pt-BR"},{"@type":"Organization","@id":"https:\/\/afonte.org.br\/site\/#organization","name":"Funda\u00e7\u00e3o Maria Carvalho Santos","url":"https:\/\/afonte.org.br\/site\/","logo":{"@type":"ImageObject","inLanguage":"pt-BR","@id":"https:\/\/afonte.org.br\/site\/#\/schema\/logo\/image\/","url":"https:\/\/afonte.org.br\/site\/wp-content\/uploads\/2021\/10\/logomarca_fundacao2.fw_.png","contentUrl":"https:\/\/afonte.org.br\/site\/wp-content\/uploads\/2021\/10\/logomarca_fundacao2.fw_.png","width":200,"height":73,"caption":"Funda\u00e7\u00e3o Maria Carvalho Santos"},"image":{"@id":"https:\/\/afonte.org.br\/site\/#\/schema\/logo\/image\/"},"sameAs":["https:\/\/www.facebook.com\/fundacaomariacarvalhosantos\/","https:\/\/x.com\/fundacaomaria","https:\/\/www.instagram.com\/fundacaomariacarvalho\/?hl=pt-br","https:\/\/www.youtube.com\/channel\/UCThs6_9MYv6ms6ciEHDKXrA"]}]}},"_links":{"self":[{"href":"https:\/\/afonte.org.br\/site\/wp-json\/wp\/v2\/xxi-congresso-mama\/1616","targetHints":{"allow":["GET"]}}],"collection":[{"href":"https:\/\/afonte.org.br\/site\/wp-json\/wp\/v2\/xxi-congresso-mama"}],"about":[{"href":"https:\/\/afonte.org.br\/site\/wp-json\/wp\/v2\/types\/xxi-congresso-mama"}],"version-history":[{"count":2,"href":"https:\/\/afonte.org.br\/site\/wp-json\/wp\/v2\/xxi-congresso-mama\/1616\/revisions"}],"predecessor-version":[{"id":1902,"href":"https:\/\/afonte.org.br\/site\/wp-json\/wp\/v2\/xxi-congresso-mama\/1616\/revisions\/1902"}],"wp:attachment":[{"href":"https:\/\/afonte.org.br\/site\/wp-json\/wp\/v2\/media?parent=1616"}],"curies":[{"name":"wp","href":"https:\/\/api.w.org\/{rel}","templated":true}]}}